{"id":114,"date":"2016-08-07T13:59:12","date_gmt":"2016-08-07T13:59:12","guid":{"rendered":"http:\/\/sopronitigrisek.hu\/web\/?page_id=114"},"modified":"2019-10-20T18:43:18","modified_gmt":"2019-10-20T18:43:18","slug":"szakembereink","status":"publish","type":"page","link":"https:\/\/sopronitigrisek.hu\/web\/szakembereink\/","title":{"rendered":"Szakembereink"},"content":{"rendered":"<p><span style=\"font-family: Arial,Helvetica,sans-serif; font-size: 12pt;\"><strong><u>SZEM\u00c9LYI FELT\u00c9TELEK :\u00a0 <\/u><\/strong><\/span><\/p>\n<p><span style=\"font-family: Arial,Helvetica,sans-serif; font-size: 12pt;\"><strong>1.\/ J\u00e1t\u00e9kosok sz\u00e1ma:<\/strong><\/span><\/p>\n<p><span style=\"font-family: Arial,Helvetica,sans-serif; font-size: 12pt;\">Egyes\u00fclet\u00fcnknek 150 j\u00e1t\u00e9kos a tagja, amib\u0151l 105 f\u0151 igazolt j\u00e1t\u00e9kos, \u00e9s 45 f\u0151 nem igazolt st\u00e1tusz\u00fa gyermek.<\/span><\/p>\n<p><span style=\"font-family: Arial,Helvetica,sans-serif; font-size: 12pt;\"><strong>2.\/ Szakmai st\u00e1b: <\/strong><\/span><\/p>\n<p><span style=\"font-family: Arial,Helvetica,sans-serif; font-size: 12pt;\">Az ifj\u00fa kosarasok munk\u00e1j\u00e1t 15 magasan k\u00e9pzett szakember seg\u00edti, melyek k\u00f6z\u00f6tt v\u00e1logatottak, NB I-es j\u00e1t\u00e9kosok, nagy edz\u0151i tapasztalattal rendelkez\u0151 edz\u0151k, testnevel\u0151 tan\u00e1rok, pedag\u00f3gusok, szakorvosok vannak. T\u00f6bb edz\u0151nk, mivel tan\u00e1r, a sportol\u00f3inkkal nem csak az edz\u00e9sek \u00e9s m\u00e9rk\u0151z\u00e9sek alatt tal\u00e1lkozik, hanem az iskol\u00e1ban is figyelemmel tudja k\u00eds\u00e9rni sportol\u00f3ink nevel\u00e9s\u00e9t, fej\u0151d\u00e9s\u00e9t.<\/span><\/p>\n<p><span style=\"font-family: Arial,Helvetica,sans-serif; font-size: 12pt;\">Minden csapatn\u00e1l fels\u0151fok\u00fa v\u00e9gzetts\u00e9ggel rendelkez\u0151 edz\u0151 dolgozik, t\u00f6bb \u00e9ves, \u00e9vtizedes gyakorlattal.<\/span><\/p>\n<p><span style=\"font-family: Arial,Helvetica,sans-serif; font-size: 12pt;\">\u00d8\u00a0 <strong>El\u0151k\u00e9sz\u00edt\u0151<\/strong> csapatunkn\u00e1l Ringhoffer Alida Testnevel\u00e9si Egyetemet v\u00e9gzett \u00e9s kos\u00e1rlabda edz\u0151.<\/span><\/p>\n<p><span style=\"font-family: Arial,Helvetica,sans-serif; font-size: 12pt;\">\u00d8\u00a0 A <strong>kenguru \u00e9s gyermek<\/strong> csapatn\u00e1l a szint\u00e9n fels\u0151fok\u00fa v\u00e9gzetts\u00e9g\u0171 P\u00e1lla Zolt\u00e1n v\u00e9gzi a munk\u00e1t, aki a nemzetk\u00f6zi kos\u00e1rlabd\u00e1ban is elismert szakember (j\u00e1t\u00e9kvezet\u00e9s ter\u00fclet\u00e9n is).<\/span><\/p>\n<p><span style=\"font-family: Arial,Helvetica,sans-serif; font-size: 12pt;\">\u00d8\u00a0 <strong>Serd\u00fcl\u0151<\/strong> csapatunkn\u00e1l Balogh M\u00e1rton egyetemet v\u00e9gzett \u00e9s kos\u00e1rlabda edz\u0151i diplom\u00e1val rendelkez\u0151 koll\u00e9g\u00e1nk dolgozik.<\/span><\/p>\n<p><span style=\"font-family: Arial,Helvetica,sans-serif; font-size: 12pt;\">\u00d8\u00a0 A <strong>kadett<\/strong> csapat edz\u0151je Bakk L\u00e1szl\u00f3 t\u00f6bb sz\u00e1zszoros NB I-es j\u00e1t\u00e9kos, Magyar Kupa gy\u0151ztes, SMAFC csapat tagja, tan\u00e1ri diplom\u00e1val, egyetemi v\u00e9gzetts\u00e9ggel rendelkezik, a kos\u00e1rlabda edz\u0151i diplom\u00e1t is megszerezte.<\/span><\/p>\n<p><span style=\"font-family: Arial,Helvetica,sans-serif; font-size: 12pt;\">\u00d8\u00a0 <strong>Junior<\/strong> csapatunk vezet\u0151je N\u00e9meth Lehel, testnevel\u0151 tan\u00e1ri diplom\u00e1val \u00e9s nagy j\u00e1t\u00e9kos m\u00falttal rendelkez\u0151 kos\u00e1rlabda edz\u0151.<\/span><\/p>\n<p><span style=\"font-family: Arial,Helvetica,sans-serif; font-size: 12pt;\">\u00d8\u00a0 Az ut\u00e1np\u00f3tl\u00e1s <strong>szakmai vezet\u00e9s\u00e9t<\/strong> Magyar Andr\u00e1s v\u00e9gzi, aki szint\u00e9n t\u00f6bb sz\u00e1zszoros NB I-es j\u00e1t\u00e9kos. Edz\u0151k\u00e9nt az SVSE magyar bajnok n\u0151i csapat vezet\u0151je volt, nemzetk\u00f6zi kup\u00e1kban szerezte szakmai tapasztalatait.<\/span><\/p>\n<p><span style=\"font-family: Arial,Helvetica,sans-serif; font-size: 12pt;\">\u00d8\u00a0 Nagy Tam\u00e1s az <strong>egyes\u00fclet vezet\u0151je \u00e9s alap\u00edt\u00f3ja <\/strong>tan\u00e1ri v\u00e9gzetts\u00e9ge mellett a Testnevel\u00e9si Egyetem sportmenedzseri szak\u00e1t v\u00e9gezte, \u00e9s ugyanitt szerezte kos\u00e1rlabda edz\u0151i v\u00e9gzetts\u00e9g\u00e9t.<\/span><\/p>\n<p>&nbsp;<\/p>\n<p style=\"text-align: center;\"><a href=\"http:\/\/sopronitigrisek.hu\/web\/nagy-tamas\/\"><img loading=\"lazy\" decoding=\"async\" class=\"wp-image-1579 size-thumbnail aligncenter\" src=\"http:\/\/sopronitigrisek.hu\/web\/wp-content\/uploads\/2016\/08\/Nagy-Tam\u00e1s-150x150.jpg\" alt=\"Nagy Tam\u00e1s\" width=\"150\" height=\"150\" \/><\/a><br \/>\n<a href=\"http:\/\/sopronitigrisek.hu\/web\/nagy-tamas\/\"><strong>Nagy Tam\u00e1s<\/strong><\/a><br \/>\neln\u00f6k<\/p>\n<p style=\"text-align: center;\"><a href=\"http:\/\/sopronitigrisek.hu\/web\/nemeth-lehel-edzo\/\"><img loading=\"lazy\" decoding=\"async\" class=\"aligncenter wp-image-1580 size-thumbnail\" src=\"http:\/\/sopronitigrisek.hu\/web\/wp-content\/uploads\/2016\/08\/N\u00e9meth-Lehel-150x150.jpg\" width=\"150\" height=\"150\" \/><\/a><br \/>\n<a href=\"http:\/\/sopronitigrisek.hu\/web\/nemeth-lehel-edzo\/\"><strong>N\u00e9met Lehel<\/strong><\/a><br \/>\nedz\u0151<\/p>\n<p style=\"text-align: center;\"><img loading=\"lazy\" decoding=\"async\" class=\"size-thumbnail wp-image-1576 aligncenter\" src=\"http:\/\/sopronitigrisek.hu\/web\/wp-content\/uploads\/2016\/08\/Hal\u00e1sz-Tam\u00e1s-150x150.jpg\" alt=\"Hal\u00e1sz Tam\u00e1s\" width=\"150\" height=\"150\" \/><br \/>\n<strong>Hal\u00e1sz Tam\u00e1s<\/strong><br \/>\nedz\u0151<\/p>\n<p style=\"text-align: center;\"><a href=\"http:\/\/sopronitigrisek.hu\/web\/palla-zoltan-edzo\/\"><img loading=\"lazy\" decoding=\"async\" class=\"aligncenter wp-image-123 size-thumbnail\" src=\"http:\/\/sopronitigrisek.hu\/web\/wp-content\/uploads\/2016\/08\/palla-106x150.jpg\" width=\"106\" height=\"150\" \/><\/a><br \/>\n<a href=\"http:\/\/sopronitigrisek.hu\/web\/palla-zoltan-edzo\/\"><strong>P\u00e1lla Zolt\u00e1n<\/strong><\/a><br \/>\nedz\u0151<\/p>\n<p style=\"text-align: center;\"><img loading=\"lazy\" decoding=\"async\" class=\"size-thumbnail wp-image-1575\" src=\"http:\/\/sopronitigrisek.hu\/web\/wp-content\/uploads\/2016\/08\/Balogh-Gergely-150x150.jpg\" alt=\"Balogh Gergely\" width=\"150\" height=\"150\" \/><br \/>\n<strong>Balogh Gergely<\/strong><br \/>\nedz\u0151<\/p>\n<p style=\"text-align: center;\"><a href=\"http:\/\/sopronitigrisek.hu\/web\/balogh-marton-edzo\/\"><img loading=\"lazy\" decoding=\"async\" class=\"aligncenter wp-image-118 size-full\" src=\"http:\/\/sopronitigrisek.hu\/web\/wp-content\/uploads\/2016\/08\/balogh.jpg\" width=\"120\" height=\"139\" \/><br \/>\n<strong>Balogh M\u00e1rton<\/strong><br \/>\nedz\u0151<\/a><\/p>\n<p>&nbsp;<\/p>\n<p style=\"text-align: center;\"><img loading=\"lazy\" decoding=\"async\" class=\"size-thumbnail wp-image-1581 aligncenter\" src=\"http:\/\/sopronitigrisek.hu\/web\/wp-content\/uploads\/2016\/08\/Sallay-G\u00e1bor-150x150.jpg\" alt=\"Sallay G\u00e1bor\" width=\"150\" height=\"150\" \/><br \/>\n<strong>Sallay G\u00e1bor<\/strong><br \/>\nedz\u0151<\/p>\n<p style=\"text-align: center;\"><img loading=\"lazy\" decoding=\"async\" class=\"aligncenter size-thumbnail wp-image-1577\" src=\"http:\/\/sopronitigrisek.hu\/web\/wp-content\/uploads\/2016\/08\/IMG_5566-150x150.jpg\" alt=\"IMG_5566\" width=\"150\" height=\"150\" \/><br \/>\n<strong>Giczi Zolt\u00e1n<\/strong><br \/>\nedz\u0151<\/p>\n<p style=\"text-align: center;\"><img loading=\"lazy\" decoding=\"async\" class=\"aligncenter size-thumbnail wp-image-1578\" src=\"http:\/\/sopronitigrisek.hu\/web\/wp-content\/uploads\/2016\/08\/Kriszti\u00e1n-150x150.jpg\" alt=\"Kriszti\u00e1n\" width=\"150\" height=\"150\" \/><\/p>\n<p style=\"text-align: center;\">Forray D\u00e1niel<br \/>\nedz\u0151<\/p>\n","protected":false},"excerpt":{"rendered":"<p>SZEM\u00c9LYI FELT\u00c9TELEK :\u00a0 1.\/ J\u00e1t\u00e9kosok sz\u00e1ma: Egyes\u00fclet\u00fcnknek 150 j\u00e1t\u00e9kos a tagja, amib\u0151l 105 f\u0151 igazolt j\u00e1t\u00e9kos, \u00e9s 45 f\u0151 nem igazolt st\u00e1tusz\u00fa gyermek. 2.\/ Szakmai st\u00e1b: Az ifj\u00fa kosarasok munk\u00e1j\u00e1t 15 magasan k\u00e9pzett szakember seg\u00edti, melyek k\u00f6z\u00f6tt v\u00e1logatottak, NB I-es j\u00e1t\u00e9kosok, nagy edz\u0151i tapasztalattal rendelkez\u0151 edz\u0151k, testnevel\u0151 tan\u00e1rok, pedag\u00f3gusok, szakorvosok vannak. T\u00f6bb edz\u0151nk, mivel tan\u00e1r, [&hellip;]<\/p>\n","protected":false},"author":1,"featured_media":0,"parent":0,"menu_order":0,"comment_status":"closed","ping_status":"closed","template":"","meta":{"footnotes":""},"_links":{"self":[{"href":"https:\/\/sopronitigrisek.hu\/web\/wp-json\/wp\/v2\/pages\/114"}],"collection":[{"href":"https:\/\/sopronitigrisek.hu\/web\/wp-json\/wp\/v2\/pages"}],"about":[{"href":"https:\/\/sopronitigrisek.hu\/web\/wp-json\/wp\/v2\/types\/page"}],"author":[{"embeddable":true,"href":"https:\/\/sopronitigrisek.hu\/web\/wp-json\/wp\/v2\/users\/1"}],"replies":[{"embeddable":true,"href":"https:\/\/sopronitigrisek.hu\/web\/wp-json\/wp\/v2\/comments?post=114"}],"version-history":[{"count":70,"href":"https:\/\/sopronitigrisek.hu\/web\/wp-json\/wp\/v2\/pages\/114\/revisions"}],"predecessor-version":[{"id":2556,"href":"https:\/\/sopronitigrisek.hu\/web\/wp-json\/wp\/v2\/pages\/114\/revisions\/2556"}],"wp:attachment":[{"href":"https:\/\/sopronitigrisek.hu\/web\/wp-json\/wp\/v2\/media?parent=114"}],"curies":[{"name":"wp","href":"https:\/\/api.w.org\/{rel}","templated":true}]}}