{"id":141,"date":"2016-08-07T14:17:31","date_gmt":"2016-08-07T14:17:31","guid":{"rendered":"http:\/\/sopronitigrisek.hu\/web\/?page_id=141"},"modified":"2018-02-13T21:05:47","modified_gmt":"2018-02-13T21:05:47","slug":"nagy-tamas","status":"publish","type":"page","link":"https:\/\/sopronitigrisek.hu\/web\/nagy-tamas\/","title":{"rendered":"Nagy Tam\u00e1s eln\u00f6k"},"content":{"rendered":"<table width=\"662\">\n<tbody>\n<tr>\n<td colspan=\"2\" width=\"208\"><img loading=\"lazy\" decoding=\"async\" class=\"alignleft wp-image-1579 \" src=\"http:\/\/sopronitigrisek.hu\/web\/wp-content\/uploads\/2016\/08\/Nagy-Tam\u00e1s-683x1024.jpg\" width=\"225\" height=\"337\" srcset=\"https:\/\/sopronitigrisek.hu\/web\/wp-content\/uploads\/2016\/08\/Nagy-Tam\u00e1s-683x1024.jpg 683w, https:\/\/sopronitigrisek.hu\/web\/wp-content\/uploads\/2016\/08\/Nagy-Tam\u00e1s-200x300.jpg 200w, https:\/\/sopronitigrisek.hu\/web\/wp-content\/uploads\/2016\/08\/Nagy-Tam\u00e1s-768x1152.jpg 768w, https:\/\/sopronitigrisek.hu\/web\/wp-content\/uploads\/2016\/08\/Nagy-Tam\u00e1s.jpg 2020w\" sizes=\"(max-width: 225px) 100vw, 225px\" \/><\/p>\n<p><span style=\"font-family: Arial,Helvetica,sans-serif; font-size: 12pt;\">Europass \u00d6n\u00e9letrajz<\/span><\/p>\n<p><img loading=\"lazy\" decoding=\"async\" class=\"alignnone size-full wp-image-120\" src=\"http:\/\/sopronitigrisek.hu\/web\/wp-content\/uploads\/2016\/08\/euro.png\" alt=\"euro\" width=\"87\" height=\"48\" \/><\/td>\n<td colspan=\"3\" width=\"454\"><\/td>\n<\/tr>\n<tr>\n<td colspan=\"2\" width=\"208\"><\/td>\n<td colspan=\"3\" width=\"454\"><\/td>\n<\/tr>\n<tr>\n<td colspan=\"2\" width=\"208\"><span style=\"font-family: Arial,Helvetica,sans-serif; font-size: 12pt;\">Szem\u00e9lyi adatok<\/span><\/td>\n<td colspan=\"3\" width=\"454\"><\/td>\n<\/tr>\n<tr>\n<td colspan=\"2\" width=\"208\"><span style=\"font-family: Arial,Helvetica,sans-serif; font-size: 12pt;\">Vezet\u00e9kn\u00e9v \/ Ut\u00f3n\u00e9v(ek)<\/span><\/td>\n<td colspan=\"3\" width=\"454\"><span style=\"font-family: Arial,Helvetica,sans-serif; font-size: 12pt;\">Nagy Tam\u00e1s<\/span><\/td>\n<\/tr>\n<tr>\n<td colspan=\"2\" width=\"208\"><span style=\"font-family: Arial,Helvetica,sans-serif; font-size: 12pt;\">C\u00edm(ek)<\/span><\/td>\n<td colspan=\"3\" width=\"454\"><span style=\"font-family: Arial,Helvetica,sans-serif; font-size: 12pt;\">9423 \u00c1gfalva, Liget u. 6.<\/span><\/td>\n<\/tr>\n<tr>\n<td colspan=\"2\" width=\"208\"><span style=\"font-family: Arial,Helvetica,sans-serif; font-size: 12pt;\">Telefonsz\u00e1m(ok)<\/span><\/td>\n<td width=\"189\"><\/td>\n<td width=\"57\"><span style=\"font-family: Arial,Helvetica,sans-serif; font-size: 12pt;\">Mobil:<\/span><\/td>\n<td width=\"208\"><span style=\"font-family: Arial,Helvetica,sans-serif; font-size: 12pt;\">+36-30\/417-5959<\/span><\/td>\n<\/tr>\n<tr>\n<td colspan=\"2\" width=\"208\"><span style=\"font-family: Arial,Helvetica,sans-serif; font-size: 12pt;\">E-mail(ek)<\/span><\/td>\n<td colspan=\"3\" width=\"454\"><span style=\"font-family: Arial,Helvetica,sans-serif; font-size: 12pt;\"><a href=\"mailto:nagy.tamas@freemail.hu\">nagy.tamas@freemail.hu<\/a><\/span><\/td>\n<\/tr>\n<tr>\n<td colspan=\"2\" width=\"208\"><\/td>\n<td colspan=\"3\" width=\"454\"><\/td>\n<\/tr>\n<tr>\n<td colspan=\"2\" width=\"208\"><span style=\"font-family: Arial,Helvetica,sans-serif; font-size: 12pt;\">\u00c1llampolg\u00e1rs\u00e1g<\/span><\/td>\n<td colspan=\"3\" width=\"454\"><span style=\"font-family: Arial,Helvetica,sans-serif; font-size: 12pt;\">magyar<\/span><\/td>\n<\/tr>\n<tr>\n<td colspan=\"2\" width=\"208\"><\/td>\n<td colspan=\"3\" width=\"454\"><\/td>\n<\/tr>\n<tr>\n<td colspan=\"2\" width=\"208\"><span style=\"font-family: Arial,Helvetica,sans-serif; font-size: 12pt;\">Sz\u00fclet\u00e9si d\u00e1tum<\/span><\/td>\n<td colspan=\"3\" width=\"454\"><span style=\"font-family: Arial,Helvetica,sans-serif; font-size: 12pt;\">Sopron, 1962.12.19.<\/span><\/td>\n<\/tr>\n<tr>\n<td colspan=\"2\" width=\"208\"><\/td>\n<td colspan=\"3\" width=\"454\"><\/td>\n<\/tr>\n<tr>\n<td colspan=\"2\" width=\"208\"><span style=\"font-family: Arial,Helvetica,sans-serif; font-size: 12pt;\">Neme<\/span><\/td>\n<td colspan=\"3\" width=\"454\"><span style=\"font-family: Arial,Helvetica,sans-serif; font-size: 12pt;\">f\u00e9rfi<\/span><\/td>\n<\/tr>\n<tr>\n<td colspan=\"2\" width=\"208\"><\/td>\n<td colspan=\"3\" width=\"454\"><\/td>\n<\/tr>\n<tr>\n<td colspan=\"2\" width=\"208\"><span style=\"font-family: Arial,Helvetica,sans-serif; font-size: 12pt;\">Szakmai tapasztalat<\/span><\/td>\n<td colspan=\"3\" width=\"454\"><\/td>\n<\/tr>\n<tr>\n<td colspan=\"2\" width=\"208\"><\/td>\n<td colspan=\"3\" width=\"454\"><\/td>\n<\/tr>\n<tr>\n<td colspan=\"2\" width=\"208\"><span style=\"font-family: Arial,Helvetica,sans-serif; font-size: 12pt;\">Id\u0151tartam<\/span><\/td>\n<td colspan=\"3\" width=\"454\"><span style=\"font-family: Arial,Helvetica,sans-serif; font-size: 12pt;\"><strong>2011. november &#8211; folyamatos\u00a0 <\/strong><\/span><\/td>\n<\/tr>\n<tr>\n<td colspan=\"2\" width=\"208\"><span style=\"font-family: Arial,Helvetica,sans-serif; font-size: 12pt;\">Foglalkoz\u00e1s \/ beoszt\u00e1s<\/span><\/td>\n<td colspan=\"3\" width=\"454\"><span style=\"font-family: Arial,Helvetica,sans-serif; font-size: 12pt;\">P\u00e1rtfog\u00f3 Fel\u00fcgyel\u0151<\/span><\/td>\n<\/tr>\n<tr>\n<td colspan=\"2\" width=\"208\"><span style=\"font-family: Arial,Helvetica,sans-serif; font-size: 12pt;\">F\u0151bb tev\u00e9kenys\u00e9gek \u00e9s feladatk\u00f6r\u00f6k<\/span><\/td>\n<td colspan=\"3\" width=\"454\"><span style=\"font-family: Arial,Helvetica,sans-serif; font-size: 12pt;\">A fiatalkor\u00fa b\u0171nelk\u00f6vet\u0151k p\u00e1rtfog\u00f3i fel\u00fcgyelete<strong>.<\/strong><\/span><\/td>\n<\/tr>\n<tr>\n<td colspan=\"2\" width=\"208\"><span style=\"font-family: Arial,Helvetica,sans-serif; font-size: 12pt;\">A munk\u00e1ltat\u00f3 neve \u00e9s c\u00edme<\/span><\/td>\n<td colspan=\"3\" width=\"454\"><span style=\"font-family: Arial,Helvetica,sans-serif; font-size: 12pt;\">Gy\u0151r-Moson-Sopron Megyei Korm\u00e1nyhivatal Igazs\u00e1g\u00fcgyi Szolg\u00e1lat<\/span><\/p>\n<p><span style=\"font-family: Arial,Helvetica,sans-serif; font-size: 12pt;\">Fiatalkor\u00fa B\u0171nelk\u00f6vet\u0151k P\u00e1rtfog\u00f3i Fel\u00fcgyel\u0151i Oszt\u00e1lya \u00a0Sopron, Ipar krt. 33.<\/span><\/td>\n<\/tr>\n<tr>\n<td colspan=\"2\" width=\"208\"><span style=\"font-family: Arial,Helvetica,sans-serif; font-size: 12pt;\">Tev\u00e9kenys\u00e9g t\u00edpusa, \u00e1gazat<\/span><\/td>\n<td colspan=\"3\" width=\"454\"><span style=\"font-family: Arial,Helvetica,sans-serif; font-size: 12pt;\">Igazs\u00e1g\u00fcgyi Szolg\u00e1lat<\/span><\/td>\n<\/tr>\n<tr>\n<td colspan=\"2\" width=\"208\"><\/td>\n<td colspan=\"3\" width=\"454\"><span style=\"font-family: Arial,Helvetica,sans-serif; font-size: 12pt;\"><strong>\u00a0<\/strong><\/span><\/td>\n<\/tr>\n<tr>\n<td colspan=\"2\" width=\"208\"><span style=\"font-family: Arial,Helvetica,sans-serif; font-size: 12pt;\">Id\u0151tartam<\/span><\/td>\n<td colspan=\"3\" width=\"454\"><span style=\"font-family: Arial,Helvetica,sans-serif; font-size: 12pt;\"><strong>2008. \u00e1prilis 01 \u2013\u00a0 2011. 11.20.<\/strong><\/span><\/td>\n<\/tr>\n<tr>\n<td colspan=\"2\" width=\"208\"><span style=\"font-family: Arial,Helvetica,sans-serif; font-size: 12pt;\">Foglalkoz\u00e1s \/ beoszt\u00e1s<\/span><\/td>\n<td colspan=\"3\" width=\"454\"><span style=\"font-family: Arial,Helvetica,sans-serif; font-size: 12pt;\">Ut\u00f3gondoz\u00f3 Otthon szakmai vezet\u0151<\/span><\/td>\n<\/tr>\n<tr>\n<td colspan=\"2\" width=\"208\"><span style=\"font-family: Arial,Helvetica,sans-serif; font-size: 12pt;\">F\u0151bb tev\u00e9kenys\u00e9gek \u00e9s feladatk\u00f6r\u00f6k<\/span><\/td>\n<td colspan=\"3\" width=\"454\"><span style=\"font-family: Arial,Helvetica,sans-serif; font-size: 12pt;\">Ut\u00f3gondoz\u00f3 Otthon ir\u00e1ny\u00edt\u00e1sa, fiatal feln\u0151ttek \u00e9letkezd\u00e9s\u00e9nek seg\u00edt\u00e9se<\/span><\/p>\n<p><span style=\"font-family: Arial,Helvetica,sans-serif; font-size: 12pt;\">P\u00e1ly\u00e1zatok menedzsel\u00e9se, lebonyol\u00edt\u00e1sa\u00a0<\/span><\/td>\n<\/tr>\n<tr>\n<td colspan=\"2\" width=\"208\"><span style=\"font-family: Arial,Helvetica,sans-serif; font-size: 12pt;\">A munk\u00e1ltat\u00f3 neve \u00e9s c\u00edme<\/span><\/td>\n<td colspan=\"3\" width=\"454\"><span style=\"font-family: Arial,Helvetica,sans-serif; font-size: 12pt;\">Gy\u0151r-Moson-Sopron Megye \u00d6nkorm\u00e1nyzat\u00e1nak Gyermekv\u00e9delmi K\u00f6zpontja Soproni R\u00e9szleg<\/span><\/p>\n<p><span style=\"font-family: Arial,Helvetica,sans-serif; font-size: 12pt;\">9400 Sopron, J\u00f3zsef A. u. 42.<\/span><\/td>\n<\/tr>\n<tr>\n<td colspan=\"2\" width=\"208\"><span style=\"font-family: Arial,Helvetica,sans-serif; font-size: 12pt;\">Tev\u00e9kenys\u00e9g t\u00edpusa, \u00e1gazat<\/span><\/td>\n<td colspan=\"3\" width=\"454\"><span style=\"font-family: Arial,Helvetica,sans-serif; font-size: 12pt;\">Szoci\u00e1lis (gyermekv\u00e9delem)<\/span><\/td>\n<\/tr>\n<tr>\n<td colspan=\"2\" width=\"208\"><\/td>\n<td colspan=\"3\" width=\"454\"><span style=\"font-family: Arial,Helvetica,sans-serif; font-size: 12pt;\"><strong>\u00a0<\/strong><\/span><\/td>\n<\/tr>\n<tr>\n<td colspan=\"2\" width=\"208\"><span style=\"font-family: Arial,Helvetica,sans-serif; font-size: 12pt;\">Id\u0151tartam<\/span><\/td>\n<td colspan=\"3\" width=\"454\"><span style=\"font-family: Arial,Helvetica,sans-serif; font-size: 12pt;\"><strong>\u00a02006. 07. 01 &#8211;\u00a0 2008. m\u00e1rcius 31. <\/strong><\/span><\/td>\n<\/tr>\n<tr>\n<td colspan=\"2\" width=\"208\"><span style=\"font-family: Arial,Helvetica,sans-serif; font-size: 12pt;\">Foglalkoz\u00e1s \/ beoszt\u00e1s<\/span><\/td>\n<td colspan=\"3\" width=\"454\"><span style=\"font-family: Arial,Helvetica,sans-serif; font-size: 12pt;\">Igazgat\u00f3<\/span><\/td>\n<\/tr>\n<tr>\n<td colspan=\"2\" width=\"208\"><span style=\"font-family: Arial,Helvetica,sans-serif; font-size: 12pt;\">F\u0151bb tev\u00e9kenys\u00e9gek \u00e9s feladatk\u00f6r\u00f6k<\/span><\/td>\n<td colspan=\"3\" width=\"454\"><span style=\"font-family: Arial,Helvetica,sans-serif; font-size: 12pt;\">Int\u00e9zm\u00e9nyvezet\u00e9s : Gyermekotthon, Befogad\u00f3 Otthon, Speci\u00e1lis Otthon, Ut\u00f3gondoz\u00f3 Otthon, lak\u00e1sotthonok ir\u00e1ny\u00edt\u00e1sa<\/span><\/p>\n<p><span style=\"font-family: Arial,Helvetica,sans-serif; font-size: 12pt;\">P\u00e1ly\u00e1zatok menedzsel\u00e9se, lebonyol\u00edt\u00e1sa, ir\u00e1ny\u00edt\u00e1sa<\/span><\/td>\n<\/tr>\n<tr>\n<td colspan=\"2\" width=\"208\"><span style=\"font-family: Arial,Helvetica,sans-serif; font-size: 12pt;\">A munk\u00e1ltat\u00f3 neve \u00e9s c\u00edme<\/span><\/td>\n<td colspan=\"3\" width=\"454\"><span style=\"font-family: Arial,Helvetica,sans-serif; font-size: 12pt;\">Gy\u0151r-Moson-Sopron Megye \u00d6nkorm\u00e1nyzat\u00e1nak J\u00f3zsef Attila Gyermekv\u00e9delmi K\u00f6zpontja\u00a0 (9400 Sopron, J\u00f3zsef A. u. 42.)<\/span><\/td>\n<\/tr>\n<tr>\n<td colspan=\"2\" width=\"208\"><span style=\"font-family: Arial,Helvetica,sans-serif; font-size: 12pt;\">Tev\u00e9kenys\u00e9g t\u00edpusa, \u00e1gazat<\/span><\/td>\n<td colspan=\"3\" width=\"454\"><span style=\"font-family: Arial,Helvetica,sans-serif; font-size: 12pt;\">Szoci\u00e1lis (gyermekv\u00e9delem)<\/span><\/td>\n<\/tr>\n<tr>\n<td colspan=\"2\" width=\"208\"><\/td>\n<td colspan=\"3\" width=\"454\"><\/td>\n<\/tr>\n<tr>\n<td colspan=\"2\" width=\"208\"><\/td>\n<td colspan=\"3\" width=\"454\"><\/td>\n<\/tr>\n<tr>\n<td colspan=\"2\" width=\"208\"><span style=\"font-family: Arial,Helvetica,sans-serif; font-size: 12pt;\">Id\u0151tartam<\/span><\/td>\n<td colspan=\"3\" width=\"454\"><span style=\"font-family: Arial,Helvetica,sans-serif; font-size: 12pt;\"><strong>2006.01.01 \u2013 2006.06.30.<\/strong><\/span><\/td>\n<\/tr>\n<tr>\n<td colspan=\"2\" width=\"208\"><span style=\"font-family: Arial,Helvetica,sans-serif; font-size: 12pt;\">Foglalkoz\u00e1s \/ beoszt\u00e1s<\/span><\/td>\n<td colspan=\"3\" width=\"454\"><span style=\"font-family: Arial,Helvetica,sans-serif; font-size: 12pt;\">Ut\u00f3gondoz\u00f3 Otthon szakmai vezet\u0151<\/span><\/td>\n<\/tr>\n<tr>\n<td colspan=\"2\" width=\"208\"><span style=\"font-family: Arial,Helvetica,sans-serif; font-size: 12pt;\">F\u0151bb tev\u00e9kenys\u00e9gek \u00e9s feladatk\u00f6r\u00f6k<\/span><\/td>\n<td colspan=\"3\" width=\"454\"><span style=\"font-family: Arial,Helvetica,sans-serif; font-size: 12pt;\">18 \u2013 24 \u00e9ves fiatal feln\u0151ttek nevel\u00e9se, ut\u00f3gondoz\u00f3i r\u00e9szleg ir\u00e1ny\u00edt\u00e1sa<\/span><\/td>\n<\/tr>\n<tr>\n<td colspan=\"2\" width=\"208\"><span style=\"font-family: Arial,Helvetica,sans-serif; font-size: 12pt;\">A munk\u00e1ltat\u00f3 neve \u00e9s c\u00edme<\/span><\/td>\n<td colspan=\"3\" width=\"454\"><span style=\"font-family: Arial,Helvetica,sans-serif; font-size: 12pt;\">Gy\u0151r-Moson-Sopron Megye \u00d6nkorm\u00e1nyzat\u00e1nak J\u00f3zsef Attila Gyermekv\u00e9delmi K\u00f6zpontja\u00a0 (9400 Sopron, J\u00f3zsef A. u. 42.)<\/span><\/td>\n<\/tr>\n<tr>\n<td colspan=\"2\" width=\"208\"><span style=\"font-family: Arial,Helvetica,sans-serif; font-size: 12pt;\">Tev\u00e9kenys\u00e9g t\u00edpusa, \u00e1gazat<\/span><\/td>\n<td colspan=\"3\" width=\"454\"><span style=\"font-family: Arial,Helvetica,sans-serif; font-size: 12pt;\">Szoci\u00e1lis (gyermekv\u00e9delem)<\/span><\/td>\n<\/tr>\n<tr>\n<td colspan=\"2\" width=\"208\"><\/td>\n<td colspan=\"3\" width=\"454\"><\/td>\n<\/tr>\n<tr>\n<td colspan=\"2\" width=\"208\"><\/td>\n<td colspan=\"3\" width=\"454\"><span style=\"font-family: Arial,Helvetica,sans-serif; font-size: 12pt;\"><strong>\u00a0<\/strong><\/span><\/td>\n<\/tr>\n<tr>\n<td colspan=\"2\" width=\"208\"><span style=\"font-family: Arial,Helvetica,sans-serif; font-size: 12pt;\">Id\u0151tartam<\/span><\/td>\n<td colspan=\"3\" width=\"454\"><span style=\"font-family: Arial,Helvetica,sans-serif; font-size: 12pt;\"><strong>1997.01.01 \u2013 2005.12.31.<\/strong><\/span><\/td>\n<\/tr>\n<tr>\n<td colspan=\"2\" width=\"208\"><span style=\"font-family: Arial,Helvetica,sans-serif; font-size: 12pt;\">Foglalkoz\u00e1s \/ beoszt\u00e1s<\/span><\/td>\n<td colspan=\"3\" width=\"454\"><span style=\"font-family: Arial,Helvetica,sans-serif; font-size: 12pt;\">\u00dcgyint\u00e9z\u0151<\/span><\/td>\n<\/tr>\n<tr>\n<td colspan=\"2\" width=\"208\"><span style=\"font-family: Arial,Helvetica,sans-serif; font-size: 12pt;\">F\u0151bb tev\u00e9kenys\u00e9gek \u00e9s feladatk\u00f6r\u00f6k<\/span><\/td>\n<td colspan=\"3\" width=\"454\"><span style=\"font-family: Arial,Helvetica,sans-serif; font-size: 12pt;\">V\u00e1llalkoz\u00e1sszervez\u00e9si feladatok, Ingatlanforgalmaz\u00e1s<\/span><\/p>\n<p><span style=\"font-family: Arial,Helvetica,sans-serif; font-size: 12pt;\">\u00dczleth\u00e1z \u00fczemeltet\u00e9s, \u00e9lelmiszer\u00fczletek m\u0171k\u00f6dtet\u00e9se,<\/span><\/td>\n<\/tr>\n<tr>\n<td colspan=\"2\" width=\"208\"><span style=\"font-family: Arial,Helvetica,sans-serif; font-size: 12pt;\">A munk\u00e1ltat\u00f3 neve \u00e9s c\u00edme<\/span><\/td>\n<td colspan=\"3\" width=\"454\"><span style=\"font-family: Arial,Helvetica,sans-serif; font-size: 12pt;\">Lumierek Kft. (9400 Sopron, V\u00e1rker\u00fclet 73.)<\/span><\/td>\n<\/tr>\n<tr>\n<td colspan=\"2\" width=\"208\"><span style=\"font-family: Arial,Helvetica,sans-serif; font-size: 12pt;\">Tev\u00e9kenys\u00e9g t\u00edpusa, \u00e1gazat<\/span><\/td>\n<td colspan=\"3\" width=\"454\"><span style=\"font-family: Arial,Helvetica,sans-serif; font-size: 12pt;\">Kiskereskedelem, ingatlanforgalmaz\u00e1s, \u00fczemeltet\u00e9s<\/span><\/td>\n<\/tr>\n<tr>\n<td colspan=\"2\" width=\"208\"><\/td>\n<td colspan=\"3\" width=\"454\"><\/td>\n<\/tr>\n<tr>\n<td colspan=\"2\" width=\"208\"><\/td>\n<td colspan=\"3\" width=\"454\"><span style=\"font-family: Arial,Helvetica,sans-serif; font-size: 12pt;\"><strong>\u00a0<\/strong><\/span><\/td>\n<\/tr>\n<tr>\n<td colspan=\"2\" width=\"208\"><span style=\"font-family: Arial,Helvetica,sans-serif; font-size: 12pt;\">Id\u0151tartam<\/span><\/td>\n<td colspan=\"3\" width=\"454\"><span style=\"font-family: Arial,Helvetica,sans-serif; font-size: 12pt;\"><strong>1992.01.01 \u2013 1996.12.31. <\/strong><\/span><\/td>\n<\/tr>\n<tr>\n<td colspan=\"2\" width=\"208\"><span style=\"font-family: Arial,Helvetica,sans-serif; font-size: 12pt;\">Foglalkoz\u00e1s \/ beoszt\u00e1s<\/span><\/td>\n<td colspan=\"3\" width=\"454\"><span style=\"font-family: Arial,Helvetica,sans-serif; font-size: 12pt;\">Igazgat\u00f3<\/span><\/td>\n<\/tr>\n<tr>\n<td colspan=\"2\" width=\"208\"><span style=\"font-family: Arial,Helvetica,sans-serif; font-size: 12pt;\">F\u0151bb tev\u00e9kenys\u00e9gek \u00e9s feladatk\u00f6r\u00f6k<\/span><\/td>\n<td colspan=\"3\" width=\"454\"><span style=\"font-family: Arial,Helvetica,sans-serif; font-size: 12pt;\">Sportl\u00e9tes\u00edtm\u00e9nyek m\u0171k\u00f6d\u00e9s\u00e9nek ir\u00e1ny\u00edt\u00e1sa, \u00fczemeltet\u00e9se, sport \u00e9s kultur\u00e1lis rendezv\u00e9nyek lebonyol\u00edt\u00e1sa<\/span><\/td>\n<\/tr>\n<tr>\n<td colspan=\"2\" width=\"208\"><span style=\"font-family: Arial,Helvetica,sans-serif; font-size: 12pt;\">A munk\u00e1ltat\u00f3 neve \u00e9s c\u00edme<\/span><\/td>\n<td colspan=\"3\" width=\"454\"><span style=\"font-family: Arial,Helvetica,sans-serif; font-size: 12pt;\">Sport- \u00e9s Szabadid\u0151centrum (9400 Sopron, Lackner K. u. 48.)<\/span><\/td>\n<\/tr>\n<tr>\n<td colspan=\"2\" width=\"208\"><span style=\"font-family: Arial,Helvetica,sans-serif; font-size: 12pt;\">Tev\u00e9kenys\u00e9g t\u00edpusa, \u00e1gazat<\/span><\/td>\n<td colspan=\"3\" width=\"454\"><span style=\"font-family: Arial,Helvetica,sans-serif; font-size: 12pt;\">Sport, kult\u00fara<\/span><\/td>\n<\/tr>\n<tr>\n<td colspan=\"2\" width=\"208\"><\/td>\n<td colspan=\"3\" width=\"454\"><\/td>\n<\/tr>\n<tr>\n<td colspan=\"2\" width=\"208\"><\/td>\n<td colspan=\"3\" width=\"454\"><\/td>\n<\/tr>\n<tr>\n<td colspan=\"2\" width=\"208\"><span style=\"font-family: Arial,Helvetica,sans-serif; font-size: 12pt;\">Id\u0151tartam<\/span><\/td>\n<td colspan=\"3\" width=\"454\"><span style=\"font-family: Arial,Helvetica,sans-serif; font-size: 12pt;\">\u00a0<strong>1992.02.01 \u2013 1992. 12.01.<\/strong><\/span><\/td>\n<\/tr>\n<tr>\n<td colspan=\"2\" width=\"208\"><span style=\"font-family: Arial,Helvetica,sans-serif; font-size: 12pt;\">Foglalkoz\u00e1s \/ beoszt\u00e1s<\/span><\/td>\n<td colspan=\"3\" width=\"454\"><span style=\"font-family: Arial,Helvetica,sans-serif; font-size: 12pt;\">Gy\u00f3gypedag\u00f3giai tan\u00e1r<\/span><\/td>\n<\/tr>\n<tr>\n<td colspan=\"2\" width=\"208\"><span style=\"font-family: Arial,Helvetica,sans-serif; font-size: 12pt;\">F\u0151bb tev\u00e9kenys\u00e9gek \u00e9s feladatk\u00f6r\u00f6k<\/span><\/td>\n<td colspan=\"3\" width=\"454\"><span style=\"font-family: Arial,Helvetica,sans-serif; font-size: 12pt;\">Enyhe fokban s\u00e9r\u00fclt, fogyat\u00e9kos gyermekek oktat\u00e1sa, nevel\u00e9se\u00a0<\/span><\/td>\n<\/tr>\n<tr>\n<td colspan=\"2\" width=\"208\"><span style=\"font-family: Arial,Helvetica,sans-serif; font-size: 12pt;\">A munk\u00e1ltat\u00f3 neve \u00e9s c\u00edme<\/span><\/td>\n<td colspan=\"3\" width=\"454\"><span style=\"font-family: Arial,Helvetica,sans-serif; font-size: 12pt;\">Doborj\u00e1ni F. Speci\u00e1lis \u00c1ltal\u00e1nos Iskola (9400 Sopron, Brennbergi u. 82.)<\/span><\/td>\n<\/tr>\n<tr>\n<td colspan=\"2\" width=\"208\"><span style=\"font-family: Arial,Helvetica,sans-serif; font-size: 12pt;\">Tev\u00e9kenys\u00e9g t\u00edpusa, \u00e1gazat<\/span><\/td>\n<td colspan=\"3\" width=\"454\"><span style=\"font-family: Arial,Helvetica,sans-serif; font-size: 12pt;\">Oktat\u00e1s<\/span><\/td>\n<\/tr>\n<tr>\n<td colspan=\"2\" width=\"208\"><\/td>\n<td colspan=\"3\" width=\"454\"><\/td>\n<\/tr>\n<tr>\n<td colspan=\"2\" width=\"208\"><\/td>\n<td colspan=\"3\" width=\"454\"><\/td>\n<\/tr>\n<tr>\n<td colspan=\"2\" width=\"208\"><span style=\"font-family: Arial,Helvetica,sans-serif; font-size: 12pt;\">Id\u0151tartam<\/span><\/td>\n<td colspan=\"3\" width=\"454\"><span style=\"font-family: Arial,Helvetica,sans-serif; font-size: 12pt;\"><strong>1987.09.01 \u2013 1991.12.31.<\/strong><\/span><\/td>\n<\/tr>\n<tr>\n<td colspan=\"2\" width=\"208\"><span style=\"font-family: Arial,Helvetica,sans-serif; font-size: 12pt;\">Foglalkoz\u00e1s \/ beoszt\u00e1s<\/span><\/td>\n<td colspan=\"3\" width=\"454\"><span style=\"font-family: Arial,Helvetica,sans-serif; font-size: 12pt;\">Gy\u00f3gypedag\u00f3giai tan\u00e1r<\/span><\/td>\n<\/tr>\n<tr>\n<td colspan=\"2\" width=\"208\"><span style=\"font-family: Arial,Helvetica,sans-serif; font-size: 12pt;\">F\u0151bb tev\u00e9kenys\u00e9gek \u00e9s feladatk\u00f6r\u00f6k<\/span><\/td>\n<td colspan=\"3\" width=\"454\"><span style=\"font-family: Arial,Helvetica,sans-serif; font-size: 12pt;\">\u00c9rtelmi fogyat\u00e9kos gyermekek oktat\u00e1sa nevel\u00e9se<\/span><\/td>\n<\/tr>\n<tr>\n<td colspan=\"2\" width=\"208\"><span style=\"font-family: Arial,Helvetica,sans-serif; font-size: 12pt;\">A munk\u00e1ltat\u00f3 neve \u00e9s c\u00edme<\/span><\/td>\n<td colspan=\"3\" width=\"454\"><span style=\"font-family: Arial,Helvetica,sans-serif; font-size: 12pt;\">Pet\u0151fi T\u00e9ri \u00c1ltal\u00e1nos Iskola (9400 Sopron, Pet\u0151fi t\u00e9r 3.)<\/span><\/td>\n<\/tr>\n<tr>\n<td colspan=\"2\" width=\"208\"><span style=\"font-family: Arial,Helvetica,sans-serif; font-size: 12pt;\">Tev\u00e9kenys\u00e9g t\u00edpusa, \u00e1gazat<\/span><\/td>\n<td colspan=\"3\" width=\"454\"><span style=\"font-family: Arial,Helvetica,sans-serif; font-size: 12pt;\">Oktat\u00e1s<\/span><\/td>\n<\/tr>\n<tr>\n<td colspan=\"2\" width=\"208\"><\/td>\n<td colspan=\"3\" width=\"454\"><\/td>\n<\/tr>\n<tr>\n<td colspan=\"2\" width=\"208\"><span style=\"font-family: Arial,Helvetica,sans-serif; font-size: 12pt;\">Id\u0151tartam<\/span><\/td>\n<td colspan=\"3\" width=\"454\"><span style=\"font-family: Arial,Helvetica,sans-serif; font-size: 12pt;\"><strong>1981.10.01 \u2013 1982.08.15.<\/strong><\/span><\/td>\n<\/tr>\n<tr>\n<td colspan=\"2\" width=\"208\"><span style=\"font-family: Arial,Helvetica,sans-serif; font-size: 12pt;\">Foglalkoz\u00e1s \/ beoszt\u00e1s<\/span><\/td>\n<td colspan=\"3\" width=\"454\"><span style=\"font-family: Arial,Helvetica,sans-serif; font-size: 12pt;\">K\u00e9pes\u00edt\u00e9s n\u00e9lk\u00fcli gy\u00f3gypedag\u00f3giai tan\u00e1r<\/span><\/td>\n<\/tr>\n<tr>\n<td colspan=\"2\" width=\"208\"><span style=\"font-family: Arial,Helvetica,sans-serif; font-size: 12pt;\">F\u0151bb tev\u00e9kenys\u00e9gek \u00e9s feladatk\u00f6r\u00f6k<\/span><\/td>\n<td colspan=\"3\" width=\"454\"><span style=\"font-family: Arial,Helvetica,sans-serif; font-size: 12pt;\">\u00c9rtelmi fogyat\u00e9kos gyermekek nevel\u00e9se, oktat\u00e1sa<\/span><\/td>\n<\/tr>\n<tr>\n<td colspan=\"2\" width=\"208\"><span style=\"font-family: Arial,Helvetica,sans-serif; font-size: 12pt;\">A munk\u00e1ltat\u00f3 neve \u00e9s c\u00edme<\/span><\/td>\n<td colspan=\"3\" width=\"454\"><span style=\"font-family: Arial,Helvetica,sans-serif; font-size: 12pt;\">Kiseg\u00edt\u0151 Iskola \u00e9s Di\u00e1kotthon<\/span><\/td>\n<\/tr>\n<tr>\n<td colspan=\"2\" width=\"208\"><span style=\"font-family: Arial,Helvetica,sans-serif; font-size: 12pt;\">Tev\u00e9kenys\u00e9g t\u00edpusa, \u00e1gazat<\/span><\/td>\n<td colspan=\"3\" width=\"454\"><span style=\"font-family: Arial,Helvetica,sans-serif; font-size: 12pt;\">\u00a0Oktat\u00e1s<\/span><\/td>\n<\/tr>\n<tr>\n<td colspan=\"2\" width=\"208\"><\/td>\n<td colspan=\"3\" width=\"454\"><\/td>\n<\/tr>\n<tr>\n<td colspan=\"2\" width=\"208\"><\/td>\n<td colspan=\"3\" width=\"454\"><\/td>\n<\/tr>\n<tr>\n<td colspan=\"2\" width=\"208\"><\/td>\n<td colspan=\"3\" width=\"454\"><\/td>\n<\/tr>\n<tr>\n<td colspan=\"2\" width=\"208\"><\/td>\n<td colspan=\"3\" width=\"454\"><\/td>\n<\/tr>\n<tr>\n<td colspan=\"2\" width=\"208\"><span style=\"font-family: Arial,Helvetica,sans-serif; font-size: 12pt;\">Tanulm\u00e1nyok<\/span><\/td>\n<td colspan=\"3\" width=\"454\"><\/td>\n<\/tr>\n<tr>\n<td colspan=\"2\" width=\"208\"><\/td>\n<td colspan=\"3\" width=\"454\"><\/td>\n<\/tr>\n<tr>\n<td colspan=\"2\" width=\"208\"><\/td>\n<td colspan=\"3\" width=\"454\"><\/td>\n<\/tr>\n<tr>\n<td colspan=\"2\" width=\"208\"><span style=\"font-family: Arial,Helvetica,sans-serif; font-size: 12pt;\">Id\u0151tartam<\/span><\/td>\n<td colspan=\"3\" width=\"454\"><span style=\"font-family: Arial,Helvetica,sans-serif; font-size: 12pt;\">2011 &#8211; folyamatban<\/span><\/td>\n<\/tr>\n<tr>\n<td colspan=\"2\" width=\"208\"><span style=\"font-family: Arial,Helvetica,sans-serif; font-size: 12pt;\">V\u00e9gzetts\u00e9g \/ k\u00e9pes\u00edt\u00e9s<\/span><\/td>\n<td colspan=\"3\" width=\"454\"><span style=\"font-family: Arial,Helvetica,sans-serif; font-size: 12pt;\">Tan\u00e1r, j\u00e1t\u00e9k- \u00e9s szabadid\u0151szervez\u0151 \u00a0\u00a0<\/span><\/td>\n<\/tr>\n<tr>\n<td colspan=\"2\" width=\"208\"><span style=\"font-family: Arial,Helvetica,sans-serif; font-size: 12pt;\">F\u0151bb t\u00e1rgyak \/ gyakorlati k\u00e9pz\u00e9s<\/span><\/td>\n<td colspan=\"3\" width=\"454\"><span style=\"font-family: Arial,Helvetica,sans-serif; font-size: 12pt;\">Szabadid\u0151szervez\u00e9ssel kapcsolatos tant\u00e1rgyak, pedag\u00f3giai,. Pszichol\u00f3giai t\u00e1rgyak<\/span><\/td>\n<\/tr>\n<tr>\n<td colspan=\"2\" width=\"208\"><span style=\"font-family: Arial,Helvetica,sans-serif; font-size: 12pt;\">Oktat\u00e1st \/ k\u00e9pz\u00e9st ny\u00fajt\u00f3 int\u00e9zm\u00e9ny neve \u00e9s t\u00edpusa<\/span><\/td>\n<td colspan=\"3\" width=\"454\"><span style=\"font-family: Arial,Helvetica,sans-serif; font-size: 12pt;\">Nyugat-Magyarorsz\u00e1gi Egyetem Benedek Elek Pedag\u00f3giai F\u0151iskolai Kar<\/span><\/td>\n<\/tr>\n<tr>\n<td colspan=\"2\" width=\"208\"><span style=\"font-family: Arial,Helvetica,sans-serif; font-size: 12pt;\">Orsz\u00e1gos \/ nemzetk\u00f6zi besorol\u00e1s<\/span><\/td>\n<td colspan=\"3\" width=\"454\"><span style=\"font-family: Arial,Helvetica,sans-serif; font-size: 12pt;\">Master k\u00e9pz\u00e9s<\/span><\/td>\n<\/tr>\n<tr>\n<td colspan=\"2\" width=\"208\"><\/td>\n<td colspan=\"3\" width=\"454\"><\/td>\n<\/tr>\n<tr>\n<td colspan=\"2\" width=\"208\"><span style=\"font-family: Arial,Helvetica,sans-serif; font-size: 12pt;\">Id\u0151tartam<\/span><\/td>\n<td colspan=\"3\" width=\"454\"><span style=\"font-family: Arial,Helvetica,sans-serif; font-size: 12pt;\">2007. szeptember \u2013 okt\u00f3ber<\/span><\/td>\n<\/tr>\n<tr>\n<td colspan=\"2\" width=\"208\"><span style=\"font-family: Arial,Helvetica,sans-serif; font-size: 12pt;\">V\u00e9gzetts\u00e9g \/ k\u00e9pes\u00edt\u00e9s<\/span><\/td>\n<td colspan=\"3\" width=\"454\"><span style=\"font-family: Arial,Helvetica,sans-serif; font-size: 12pt;\">Gyermekjogi k\u00e9pvisel\u0151<\/span><\/td>\n<\/tr>\n<tr>\n<td colspan=\"2\" width=\"208\"><span style=\"font-family: Arial,Helvetica,sans-serif; font-size: 12pt;\">F\u0151bb t\u00e1rgyak \/ gyakorlati k\u00e9pz\u00e9s<\/span><\/td>\n<td colspan=\"3\" width=\"454\"><span style=\"font-family: Arial,Helvetica,sans-serif; font-size: 12pt;\">Betegjog, ell\u00e1tottjog, gyermekjog, pszichol\u00f3gia, gyermekv\u00e9delem<\/span><\/td>\n<\/tr>\n<tr>\n<td colspan=\"2\" width=\"208\"><span style=\"font-family: Arial,Helvetica,sans-serif; font-size: 12pt;\">Oktat\u00e1st \/ k\u00e9pz\u00e9st ny\u00fajt\u00f3 int\u00e9zm\u00e9ny neve \u00e9s t\u00edpusa<\/span><\/td>\n<td colspan=\"3\" width=\"454\"><span style=\"font-family: Arial,Helvetica,sans-serif; font-size: 12pt;\">Wesley J\u00e1nos Lelk\u00e9szk\u00e9pz\u0151 F\u0151iskola Szoci\u00e1lis Munka Szak<\/span><\/td>\n<\/tr>\n<tr>\n<td colspan=\"2\" width=\"208\"><span style=\"font-family: Arial,Helvetica,sans-serif; font-size: 12pt;\">Orsz\u00e1gos \/ nemzetk\u00f6zi besorol\u00e1s<\/span><\/td>\n<td colspan=\"3\" width=\"454\"><span style=\"font-family: Arial,Helvetica,sans-serif; font-size: 12pt;\">Szakvizsga<\/span><\/td>\n<\/tr>\n<tr>\n<td colspan=\"2\" width=\"208\"><\/td>\n<td colspan=\"3\" width=\"454\"><\/td>\n<\/tr>\n<tr>\n<td colspan=\"2\" width=\"208\"><span style=\"font-family: Arial,Helvetica,sans-serif; font-size: 12pt;\">Id\u0151tartam<\/span><\/td>\n<td colspan=\"3\" width=\"454\"><span style=\"font-family: Arial,Helvetica,sans-serif; font-size: 12pt;\">2006. szeptember &#8211; november<\/span><\/td>\n<\/tr>\n<tr>\n<td colspan=\"2\" width=\"208\"><span style=\"font-family: Arial,Helvetica,sans-serif; font-size: 12pt;\">V\u00e9gzetts\u00e9g \/ k\u00e9pes\u00edt\u00e9s<\/span><\/td>\n<td colspan=\"3\" width=\"454\"><span style=\"font-family: Arial,Helvetica,sans-serif; font-size: 12pt;\">Szoci\u00e1lis szakvizsga<\/span><\/td>\n<\/tr>\n<tr>\n<td colspan=\"2\" width=\"208\"><span style=\"font-family: Arial,Helvetica,sans-serif; font-size: 12pt;\">F\u0151bb t\u00e1rgyak \/ gyakorlati k\u00e9pz\u00e9s<\/span><\/td>\n<td colspan=\"3\" width=\"454\"><span style=\"font-family: Arial,Helvetica,sans-serif; font-size: 12pt;\">Pszichol\u00f3gia, szoci\u00e1lis munka, jogi ismeretek, szociol\u00f3gia, szoci\u00e1lpolitika, gyermekv\u00e9delem\u2026<\/span><\/td>\n<\/tr>\n<tr>\n<td colspan=\"2\" width=\"208\"><span style=\"font-family: Arial,Helvetica,sans-serif; font-size: 12pt;\">Oktat\u00e1st \/ k\u00e9pz\u00e9st ny\u00fajt\u00f3 int\u00e9zm\u00e9ny neve \u00e9s t\u00edpusa<\/span><\/td>\n<td colspan=\"3\" width=\"454\"><span style=\"font-family: Arial,Helvetica,sans-serif; font-size: 12pt;\">Wesley J\u00e1nos Lelk\u00e9szk\u00e9pz\u0151 F\u0151iskola \u00c1ltal\u00e1nos Szoci\u00e1lis Munk\u00e1s Szak<\/span><\/td>\n<\/tr>\n<tr>\n<td colspan=\"2\" width=\"208\"><span style=\"font-family: Arial,Helvetica,sans-serif; font-size: 12pt;\">Orsz\u00e1gos \/ nemzetk\u00f6zi besorol\u00e1s<\/span><\/td>\n<td colspan=\"3\" width=\"454\"><span style=\"font-family: Arial,Helvetica,sans-serif; font-size: 12pt;\">Szakvizsga<\/span><\/td>\n<\/tr>\n<tr>\n<td colspan=\"2\" width=\"208\"><\/td>\n<td colspan=\"3\" width=\"454\"><\/td>\n<\/tr>\n<tr>\n<td colspan=\"2\" width=\"208\"><span style=\"font-family: Arial,Helvetica,sans-serif; font-size: 12pt;\">Id\u0151tartam<\/span><\/td>\n<td colspan=\"3\" width=\"454\"><span style=\"font-family: Arial,Helvetica,sans-serif; font-size: 12pt;\">2005\/2006.<\/span><\/td>\n<\/tr>\n<tr>\n<td colspan=\"2\" width=\"208\"><span style=\"font-family: Arial,Helvetica,sans-serif; font-size: 12pt;\">V\u00e9gzetts\u00e9g \/ k\u00e9pes\u00edt\u00e9s<\/span><\/td>\n<td colspan=\"3\" width=\"454\"><span style=\"font-family: Arial,Helvetica,sans-serif; font-size: 12pt;\">Szoci\u00e1lis alapvizsga<\/span><\/td>\n<\/tr>\n<tr>\n<td colspan=\"2\" width=\"208\"><span style=\"font-family: Arial,Helvetica,sans-serif; font-size: 12pt;\">F\u0151bb t\u00e1rgyak \/ gyakorlati k\u00e9pz\u00e9s<\/span><\/td>\n<td colspan=\"3\" width=\"454\"><span style=\"font-family: Arial,Helvetica,sans-serif; font-size: 12pt;\">Pszichol\u00f3gia, szoci\u00e1lis munka, jogi ismeretek, szociol\u00f3gia, szoci\u00e1lpolitika, gyermekv\u00e9delem\u2026<\/span><\/td>\n<\/tr>\n<tr>\n<td colspan=\"2\" width=\"208\"><span style=\"font-family: Arial,Helvetica,sans-serif; font-size: 12pt;\">Oktat\u00e1st \/ k\u00e9pz\u00e9st ny\u00fajt\u00f3 int\u00e9zm\u00e9ny neve \u00e9s t\u00edpusa<\/span><\/td>\n<td colspan=\"3\" width=\"454\"><span style=\"font-family: Arial,Helvetica,sans-serif; font-size: 12pt;\">Wesley J\u00e1nos Lelk\u00e9szk\u00e9pz\u0151 F\u0151iskola \u00c1ltal\u00e1nos Szoci\u00e1lis Munk\u00e1s Szak<\/span><\/td>\n<\/tr>\n<tr>\n<td colspan=\"2\" width=\"208\"><span style=\"font-family: Arial,Helvetica,sans-serif; font-size: 12pt;\">Orsz\u00e1gos \/ nemzetk\u00f6zi besorol\u00e1s<\/span><\/td>\n<td colspan=\"3\" width=\"454\"><span style=\"font-family: Arial,Helvetica,sans-serif; font-size: 12pt;\">Alapvizsga<\/span><\/td>\n<\/tr>\n<tr>\n<td colspan=\"2\" width=\"208\"><\/td>\n<td colspan=\"3\" width=\"454\"><\/td>\n<\/tr>\n<tr>\n<td colspan=\"2\" width=\"208\"><span style=\"font-family: Arial,Helvetica,sans-serif; font-size: 12pt;\">Id\u0151tartam<\/span><\/td>\n<td colspan=\"3\" width=\"454\"><span style=\"font-family: Arial,Helvetica,sans-serif; font-size: 12pt;\">2005. 09.01 \u2013 2005.12.20.<\/span><\/td>\n<\/tr>\n<tr>\n<td colspan=\"2\" width=\"208\"><span style=\"font-family: Arial,Helvetica,sans-serif; font-size: 12pt;\">V\u00e9gzetts\u00e9g \/ k\u00e9pes\u00edt\u00e9s<\/span><\/td>\n<td colspan=\"3\" width=\"454\"><span style=\"font-family: Arial,Helvetica,sans-serif; font-size: 12pt;\">Jelnyelvi tolm\u00e1cs (alap \u00e9s k\u00f6z\u00e9pfok\u00fa tanfolyam)<\/span><\/td>\n<\/tr>\n<tr>\n<td colspan=\"2\" width=\"208\"><span style=\"font-family: Arial,Helvetica,sans-serif; font-size: 12pt;\">F\u0151bb t\u00e1rgyak \/ gyakorlati k\u00e9pz\u00e9s<\/span><\/td>\n<td colspan=\"3\" width=\"454\"><span style=\"font-family: Arial,Helvetica,sans-serif; font-size: 12pt;\">Jelolvas\u00e1s, jelbesz\u00e9d, sz\u00f6veg\u00e9rt\u00e9s, sz\u00f6vegmagyar\u00e1zat<\/span><\/td>\n<\/tr>\n<tr>\n<td colspan=\"2\" width=\"208\"><span style=\"font-family: Arial,Helvetica,sans-serif; font-size: 12pt;\">Oktat\u00e1st \/ k\u00e9pz\u00e9st ny\u00fajt\u00f3 int\u00e9zm\u00e9ny neve \u00e9s t\u00edpusa<\/span><\/td>\n<td colspan=\"3\" width=\"454\"><span style=\"font-family: Arial,Helvetica,sans-serif; font-size: 12pt;\">Siketek \u00e9s Nagyothall\u00f3k Orsz\u00e1gos Sz\u00f6vets\u00e9ge<\/span><\/td>\n<\/tr>\n<tr>\n<td colspan=\"2\" width=\"208\"><span style=\"font-family: Arial,Helvetica,sans-serif; font-size: 12pt;\">Orsz\u00e1gos \/ nemzetk\u00f6zi besorol\u00e1s<\/span><\/td>\n<td colspan=\"3\" width=\"454\"><span style=\"font-family: Arial,Helvetica,sans-serif; font-size: 12pt;\">K\u00f6z\u00e9pfok<\/span><\/td>\n<\/tr>\n<tr>\n<td colspan=\"2\" width=\"208\"><\/td>\n<td colspan=\"3\" width=\"454\"><\/td>\n<\/tr>\n<tr>\n<td colspan=\"2\" width=\"208\"><span style=\"font-family: Arial,Helvetica,sans-serif; font-size: 12pt;\">Id\u0151tartam<\/span><\/td>\n<td colspan=\"3\" width=\"454\"><span style=\"font-family: Arial,Helvetica,sans-serif; font-size: 12pt;\">2000. 09. 01 \u2013 2001. 09.19.<\/span><\/td>\n<\/tr>\n<tr>\n<td colspan=\"2\" width=\"208\"><span style=\"font-family: Arial,Helvetica,sans-serif; font-size: 12pt;\">V\u00e9gzetts\u00e9g \/ k\u00e9pes\u00edt\u00e9s<\/span><\/td>\n<td colspan=\"3\" width=\"454\"><span style=\"font-family: Arial,Helvetica,sans-serif; font-size: 12pt;\">Eur\u00f3pai Sz\u00e1m\u00edt\u00f3g\u00e9p-haszn\u00e1l\u00f3i Jogos\u00edtv\u00e1ny\u00a0 (ECDL)<\/span><\/td>\n<\/tr>\n<tr>\n<td colspan=\"2\" width=\"208\"><span style=\"font-family: Arial,Helvetica,sans-serif; font-size: 12pt;\">F\u0151bb t\u00e1rgyak \/ gyakorlati k\u00e9pz\u00e9s<\/span><\/td>\n<td colspan=\"3\" width=\"454\"><span style=\"font-family: Arial,Helvetica,sans-serif; font-size: 12pt;\">Sz\u00e1m\u00edt\u00f3g\u00e9p kezel\u00e9s<\/span><\/td>\n<\/tr>\n<tr>\n<td colspan=\"2\" width=\"208\"><span style=\"font-family: Arial,Helvetica,sans-serif; font-size: 12pt;\">Oktat\u00e1st \/ k\u00e9pz\u00e9st ny\u00fajt\u00f3 int\u00e9zm\u00e9ny neve \u00e9s t\u00edpusa<\/span><\/td>\n<td colspan=\"3\" width=\"454\"><span style=\"font-family: Arial,Helvetica,sans-serif; font-size: 12pt;\">Neumann J\u00e1nos Sz\u00e1m\u00edt\u00f3g\u00e9p-tudom\u00e1nyi T\u00e1rsas\u00e1g<\/span><\/td>\n<\/tr>\n<tr>\n<td colspan=\"2\" width=\"208\"><span style=\"font-family: Arial,Helvetica,sans-serif; font-size: 12pt;\">Orsz\u00e1gos \/ nemzetk\u00f6zi besorol\u00e1s<\/span><\/td>\n<td colspan=\"3\" width=\"454\"><span style=\"font-family: Arial,Helvetica,sans-serif; font-size: 12pt;\">Nemzetk\u00f6zi<\/span><\/td>\n<\/tr>\n<tr>\n<td colspan=\"2\" width=\"208\"><span style=\"font-family: Arial,Helvetica,sans-serif; font-size: 12pt;\">Id\u0151tartam<\/span><\/td>\n<td colspan=\"3\" width=\"454\"><span style=\"font-family: Arial,Helvetica,sans-serif; font-size: 12pt;\">1998 febru\u00e1r \u2013 1999. janu\u00e1r<\/span><\/td>\n<\/tr>\n<tr>\n<td colspan=\"2\" width=\"208\"><span style=\"font-family: Arial,Helvetica,sans-serif; font-size: 12pt;\">V\u00e9gzetts\u00e9g \/ k\u00e9pes\u00edt\u00e9s<\/span><\/td>\n<td colspan=\"3\" width=\"454\"><span style=\"font-family: Arial,Helvetica,sans-serif; font-size: 12pt;\">Telev\u00edzi\u00f3 riporter, sport\u00fajs\u00e1g\u00edr\u00f3<\/span><\/td>\n<\/tr>\n<tr>\n<td colspan=\"2\" width=\"208\"><span style=\"font-family: Arial,Helvetica,sans-serif; font-size: 12pt;\">F\u0151bb t\u00e1rgyak \/ gyakorlati k\u00e9pz\u00e9s<\/span><\/td>\n<td colspan=\"3\" width=\"454\"><span style=\"font-family: Arial,Helvetica,sans-serif; font-size: 12pt;\">H\u00edrtelev\u00edzi\u00f3z\u00e1s, m\u00e9dia-marketing<\/span><\/td>\n<\/tr>\n<tr>\n<td colspan=\"2\" width=\"208\"><span style=\"font-family: Arial,Helvetica,sans-serif; font-size: 12pt;\">Oktat\u00e1st \/ k\u00e9pz\u00e9st ny\u00fajt\u00f3 int\u00e9zm\u00e9ny neve \u00e9s t\u00edpusa<\/span><\/td>\n<td colspan=\"3\" width=\"454\"><span style=\"font-family: Arial,Helvetica,sans-serif; font-size: 12pt;\">Koml\u00f3si Oktat\u00e1si St\u00fadi\u00f3 (Szerkeszt\u0151, riporter \u00e9s \u00fajs\u00e1g\u00edr\u00f3 iskola)<\/span><\/td>\n<\/tr>\n<tr>\n<td colspan=\"2\" width=\"208\"><span style=\"font-family: Arial,Helvetica,sans-serif; font-size: 12pt;\">Orsz\u00e1gos \/ nemzetk\u00f6zi besorol\u00e1s<\/span><\/td>\n<td colspan=\"3\" width=\"454\"><span style=\"font-family: Arial,Helvetica,sans-serif; font-size: 12pt;\">Szakvizsga<\/span><\/td>\n<\/tr>\n<tr>\n<td colspan=\"2\" width=\"208\"><\/td>\n<td colspan=\"3\" width=\"454\"><\/td>\n<\/tr>\n<tr>\n<td colspan=\"2\" width=\"208\"><span style=\"font-family: Arial,Helvetica,sans-serif; font-size: 12pt;\">Id\u0151tartam<\/span><\/td>\n<td colspan=\"3\" width=\"454\"><span style=\"font-family: Arial,Helvetica,sans-serif; font-size: 12pt;\">1993\/94 \u2013 1995\/96<\/span><\/td>\n<\/tr>\n<tr>\n<td colspan=\"2\" width=\"208\"><span style=\"font-family: Arial,Helvetica,sans-serif; font-size: 12pt;\">V\u00e9gzetts\u00e9g \/ k\u00e9pes\u00edt\u00e9s<\/span><\/td>\n<td colspan=\"3\" width=\"454\"><span style=\"font-family: Arial,Helvetica,sans-serif; font-size: 12pt;\">Sportmenedzser<\/span><\/td>\n<\/tr>\n<tr>\n<td colspan=\"2\" width=\"208\"><span style=\"font-family: Arial,Helvetica,sans-serif; font-size: 12pt;\">F\u0151bb t\u00e1rgyak \/ gyakorlati k\u00e9pz\u00e9s<\/span><\/td>\n<td colspan=\"3\" width=\"454\"><span style=\"font-family: Arial,Helvetica,sans-serif; font-size: 12pt;\">Sportpedag\u00f3gia, sportmenedzsment, sportpszichol\u00f3gia, edz\u00e9selm\u00e9let, sportmarketing<\/span><\/td>\n<\/tr>\n<tr>\n<td colspan=\"2\" width=\"208\"><span style=\"font-family: Arial,Helvetica,sans-serif; font-size: 12pt;\">Oktat\u00e1st \/ k\u00e9pz\u00e9st ny\u00fajt\u00f3 int\u00e9zm\u00e9ny neve \u00e9s t\u00edpusa<\/span><\/td>\n<td colspan=\"3\" width=\"454\"><span style=\"font-family: Arial,Helvetica,sans-serif; font-size: 12pt;\">Magyar Testnevel\u00e9si Egyetem Sportmenedzser Szak<\/span><\/td>\n<\/tr>\n<tr>\n<td colspan=\"2\" width=\"208\"><span style=\"font-family: Arial,Helvetica,sans-serif; font-size: 12pt;\">Orsz\u00e1gos \/ nemzetk\u00f6zi besorol\u00e1s<\/span><\/td>\n<td colspan=\"3\" width=\"454\"><span style=\"font-family: Arial,Helvetica,sans-serif; font-size: 12pt;\">F\u0151iskola<\/span><\/td>\n<\/tr>\n<tr>\n<td colspan=\"2\" width=\"208\"><\/td>\n<td colspan=\"3\" width=\"454\"><\/td>\n<\/tr>\n<tr>\n<td colspan=\"2\" width=\"208\"><span style=\"font-family: Arial,Helvetica,sans-serif; font-size: 12pt;\">Id\u0151tartam<\/span><\/td>\n<td colspan=\"3\" width=\"454\"><span style=\"font-family: Arial,Helvetica,sans-serif; font-size: 12pt;\">1983\/84 \u2013 1986\/87<\/span><\/td>\n<\/tr>\n<tr>\n<td colspan=\"2\" width=\"208\"><span style=\"font-family: Arial,Helvetica,sans-serif; font-size: 12pt;\">V\u00e9gzetts\u00e9g \/ k\u00e9pes\u00edt\u00e9s<\/span><\/td>\n<td colspan=\"3\" width=\"454\"><span style=\"font-family: Arial,Helvetica,sans-serif; font-size: 12pt;\">N\u00e9pm\u0171vel\u0151 \u00e9s t\u00f6rt\u00e9nelem szakos \u00e1ltal\u00e1nos iskolai tan\u00e1r<\/span><\/td>\n<\/tr>\n<tr>\n<td colspan=\"2\" width=\"208\"><span style=\"font-family: Arial,Helvetica,sans-serif; font-size: 12pt;\">F\u0151bb t\u00e1rgyak \/ gyakorlati k\u00e9pz\u00e9s<\/span><\/td>\n<td colspan=\"3\" width=\"454\"><span style=\"font-family: Arial,Helvetica,sans-serif; font-size: 12pt;\">N\u00e9pm\u0171vel\u00e9s, t\u00f6rt\u00e9nelem<\/span><\/td>\n<\/tr>\n<tr>\n<td colspan=\"2\" width=\"208\"><span style=\"font-family: Arial,Helvetica,sans-serif; font-size: 12pt;\">Oktat\u00e1st \/ k\u00e9pz\u00e9st ny\u00fajt\u00f3 int\u00e9zm\u00e9ny neve \u00e9s t\u00edpusa<\/span><\/td>\n<td colspan=\"3\" width=\"454\"><span style=\"font-family: Arial,Helvetica,sans-serif; font-size: 12pt;\">Berzsenyi D\u00e1niel Tan\u00e1rk\u00e9pz\u0151 F\u0151iskola<\/span><\/td>\n<\/tr>\n<tr>\n<td colspan=\"2\" width=\"208\"><span style=\"font-family: Arial,Helvetica,sans-serif; font-size: 12pt;\">Orsz\u00e1gos \/ nemzetk\u00f6zi besorol\u00e1s<\/span><\/td>\n<td colspan=\"3\" width=\"454\"><span style=\"font-family: Arial,Helvetica,sans-serif; font-size: 12pt;\">F\u0151iskola<\/span><\/td>\n<\/tr>\n<tr>\n<td colspan=\"2\" width=\"208\"><\/td>\n<td colspan=\"3\" width=\"454\"><\/td>\n<\/tr>\n<tr>\n<td colspan=\"2\" width=\"208\"><\/td>\n<td colspan=\"3\" width=\"454\"><\/td>\n<\/tr>\n<tr>\n<td colspan=\"2\" width=\"208\"><\/td>\n<td colspan=\"3\" width=\"454\"><\/td>\n<\/tr>\n<tr>\n<td colspan=\"2\" width=\"208\"><span style=\"font-family: Arial,Helvetica,sans-serif; font-size: 12pt;\">Egy\u00e9ni k\u00e9szs\u00e9gek \u00e9s kompetenci\u00e1k<\/span><\/td>\n<td colspan=\"3\" width=\"454\"><\/td>\n<\/tr>\n<tr>\n<td colspan=\"2\" width=\"208\"><\/td>\n<td colspan=\"3\" width=\"454\"><\/td>\n<\/tr>\n<tr>\n<td colspan=\"2\" width=\"208\"><span style=\"font-family: Arial,Helvetica,sans-serif; font-size: 12pt;\">Anyanyelv(ek)<\/span><\/td>\n<td colspan=\"3\" width=\"454\"><span style=\"font-family: Arial,Helvetica,sans-serif; font-size: 12pt;\">magyar<\/span><\/td>\n<\/tr>\n<tr>\n<td colspan=\"2\" width=\"208\"><\/td>\n<td colspan=\"3\" width=\"454\"><\/td>\n<\/tr>\n<tr>\n<td colspan=\"2\" width=\"208\"><span style=\"font-family: Arial,Helvetica,sans-serif; font-size: 12pt;\">Egy\u00e9b nyelv(ek)<\/span><\/td>\n<td colspan=\"3\" width=\"454\"><span style=\"font-family: Arial,Helvetica,sans-serif; font-size: 12pt;\">n\u00e9met alapszint<\/span><\/td>\n<\/tr>\n<tr>\n<td colspan=\"2\" width=\"208\"><\/td>\n<td colspan=\"3\" width=\"454\"><span style=\"font-family: Arial,Helvetica,sans-serif; font-size: 12pt;\">angol alapszint<\/span><\/td>\n<\/tr>\n<tr>\n<td colspan=\"2\" width=\"208\"><\/td>\n<td colspan=\"3\" width=\"454\"><span style=\"font-family: Arial,Helvetica,sans-serif; font-size: 12pt;\">orosz alapszint<\/span><\/td>\n<\/tr>\n<tr>\n<td colspan=\"2\" width=\"208\"><\/td>\n<td colspan=\"3\" width=\"454\"><\/td>\n<\/tr>\n<tr>\n<td colspan=\"2\" width=\"208\"><\/td>\n<td colspan=\"3\" width=\"454\"><\/td>\n<\/tr>\n<tr>\n<td colspan=\"2\" width=\"208\"><span style=\"font-family: Arial,Helvetica,sans-serif; font-size: 12pt;\"><strong>T\u00e1rsas k\u00e9szs\u00e9gek \u00e9s kompetenci\u00e1k<\/strong><\/span><\/td>\n<td colspan=\"3\" width=\"454\"><span style=\"font-family: Arial,Helvetica,sans-serif; font-size: 12pt;\">K\u00f6z\u00e9piskol\u00e1m elv\u00e9gz\u00e9se ut\u00e1n k\u00e9pes\u00edt\u00e9s n\u00e9lk\u00fcl dolgoztam gy\u00f3gypedag\u00f3gusk\u00e9nt a Kiseg\u00edt\u0151 Iskola \u00e9s Di\u00e1kotthon fert\u0151szentmikl\u00f3si kihelyezett r\u00e9szleg\u00e9ben. A pedag\u00f3giai diplom\u00e1m megszerz\u00e9se ut\u00e1n szint\u00e9n gy\u00f3gypedag\u00f3giai ter\u00fcleten helyezkedtem el, 1 h\u00f3nap megszak\u00edt\u00e1ssal.<\/span><\/p>\n<p><span style=\"font-family: Arial,Helvetica,sans-serif; font-size: 12pt;\">Ezut\u00e1n sem szakadtam el a h\u00e1tr\u00e1nyos helyzet\u0171ekkel val\u00f3 foglalkoz\u00e1st\u00f3l, hiszen 1992 \u2013 t\u0151l a mai napig a Fogyat\u00e9kos Gyermekek Oktat\u00e1s\u00e1\u00e9rt Alap\u00edtv\u00e1ny eln\u00f6kek\u00e9nt tev\u00e9kenykedem, valamint a Halmozottan S\u00e9r\u00fclt Gyermekek Alap\u00edtv\u00e1ny kurat\u00f3riumi tagjak\u00e9nt is v\u00e9gzek munk\u00e1t.<\/span><\/p>\n<p><span style=\"font-family: Arial,Helvetica,sans-serif; font-size: 12pt;\"><strong><u>Alap\u00edtv\u00e1nyokn\u00e1l bet\u00f6lt\u00f6tt funkci\u00f3im: <\/u><\/strong><\/span><\/p>\n<p><span style=\"font-family: Arial,Helvetica,sans-serif; font-size: 12pt;\">&#8211; Fogyat\u00e9kos Gyermekek Oktat\u00e1s\u00e1\u00e9rt Alap\u00edtv\u00e1ny<\/span><\/p>\n<p><span style=\"font-family: Arial,Helvetica,sans-serif; font-size: 12pt;\">\u00a0\u00a0 kurat\u00f3riumi eln\u00f6k \u00a0\u00a0\u00a0\u00a0\u00a0\u00a0\u00a0\u00a0\u00a0\u00a0\u00a0\u00a0\u00a0\u00a0\u00a0\u00a0\u00a0\u00a0\u00a0\u00a0\u00a0\u00a0\u00a0\u00a0\u00a0\u00a0\u00a0\u00a0\u00a0\u00a0\u00a0\u00a0\u00a0\u00a0\u00a0\u00a0\u00a0\u00a0\u00a0\u00a0\u00a0\u00a0\u00a0\u00a0\u00a0\u00a0 \u00a0\u00a0\u00a0\u00a0\u00a0\u00a0\u00a0\u00a0\u00a0\u00a0\u00a0\u00a0\u00a0\u00a01992 \u2013 t\u0151l folyamatos<\/span><\/p>\n<p><span style=\"font-family: Arial,Helvetica,sans-serif; font-size: 12pt;\">&#8211; Lions Club Sopron szervezet tagja\u00a0\u00a0\u00a0\u00a0\u00a0\u00a0\u00a0\u00a0\u00a0\u00a0\u00a0\u00a0\u00a0\u00a0\u00a0\u00a0\u00a0\u00a0\u00a0\u00a0\u00a0 \u00a0\u00a0\u00a0\u00a0\u00a0\u00a0\u00a0\u00a0\u00a0\u00a0\u00a0\u00a0\u00a0\u00a0 2003 \u2013 t\u00f3l folyamatos<\/span><\/p>\n<p><span style=\"font-family: Arial,Helvetica,sans-serif; font-size: 12pt;\">&#8211; Halmozottan S\u00e9r\u00fclt Gyermekek\u00e9rt Alap\u00edtv\u00e1ny<\/span><\/p>\n<p><span style=\"font-family: Arial,Helvetica,sans-serif; font-size: 12pt;\">\u00a0\u00a0\u00a0 kurat\u00f3riumi tag \u00a0\u00a0\u00a0\u00a0\u00a0\u00a0\u00a0\u00a0\u00a0\u00a0\u00a0\u00a0\u00a0\u00a0\u00a0\u00a0\u00a0\u00a0\u00a0\u00a0\u00a0\u00a0\u00a0\u00a0\u00a0\u00a0\u00a0\u00a0\u00a0\u00a0\u00a0\u00a0\u00a0\u00a0\u00a0\u00a0\u00a0\u00a0\u00a0\u00a0\u00a0\u00a0\u00a0\u00a0\u00a0\u00a0\u00a0\u00a0\u00a0\u00a0\u00a0\u00a0\u00a0\u00a0\u00a0\u00a0\u00a0\u00a0\u00a0\u00a0\u00a0\u00a0\u00a0\u00a0 1994 \u2013 t\u0151l folyamatos<\/span><\/p>\n<p><span style=\"font-family: Arial,Helvetica,sans-serif; font-size: 12pt;\">&#8211; G\u00f3lya Gyermekv\u00e9d\u0151 Alap\u00edtv\u00e1ny<\/span><\/p>\n<p><span style=\"font-family: Arial,Helvetica,sans-serif; font-size: 12pt;\">\u00a0\u00a0 t\u00e1mogat\u00f3\u00a0\u00a0\u00a0\u00a0\u00a0\u00a0\u00a0\u00a0\u00a0\u00a0\u00a0\u00a0\u00a0\u00a0\u00a0\u00a0\u00a0\u00a0\u00a0\u00a0\u00a0\u00a0\u00a0\u00a0\u00a0\u00a0\u00a0\u00a0\u00a0\u00a0\u00a0\u00a0\u00a0\u00a0\u00a0\u00a0\u00a0\u00a0\u00a0\u00a0\u00a0\u00a0\u00a0\u00a0\u00a0\u00a0\u00a0\u00a0\u00a0\u00a0\u00a0\u00a0\u00a0\u00a0\u00a0\u00a0\u00a0\u00a0\u00a0\u00a0\u00a0\u00a0\u00a0\u00a0\u00a0\u00a0\u00a0\u00a0\u00a0\u00a0\u00a0\u00a0\u00a0\u00a0\u00a0 1995 \u2013 t\u0151l folyamatos<\/span><\/p>\n<p><span style=\"font-family: Arial,Helvetica,sans-serif; font-size: 12pt;\">\u00a0\u00a0 2001. okt\u00f3ber 17 \u2013 \u00e9n az Alap\u00edtv\u00e1ny \u201eFeh\u00e9r R\u00e9kli\u201d d\u00edjat adom\u00e1nyozott sz\u00e1momra.<\/span><\/p>\n<p><span style=\"font-family: Arial,Helvetica,sans-serif; font-size: 12pt;\">2006. janu\u00e1r 01 \u2013 t\u0151l a soproni J\u00f3zsef Attila Gyermekv\u00e9delmi K\u00f6zpont ut\u00f3gondoz\u00f3i r\u00e9szleg\u00e9nek szakmai vezet\u0151je voltam, majd 2006. j\u00falius 01 \u2013 t\u0151l az igazgat\u00f3i munkak\u00f6rt l\u00e1ttam el. Int\u00e9zm\u00e9ny \u00f6sszevon\u00e1s ut\u00e1n ism\u00e9t az Ut\u00f3gondoz\u00f3 Otthon szakmai vezet\u0151je lettem. Az\u00f3ta elv\u00e9geztem a Wesley J\u00e1nos Lelk\u00e9szk\u00e9pz\u0151 F\u0151iskol\u00e1n az \u00e1ltal\u00e1nos szoci\u00e1lis alapismereteket ny\u00fajt\u00f3 120 \u00f3r\u00e1s tanfolyamot, majd szakvizsg\u00e1t tettem. Szint\u00e9n ennek az int\u00e9zm\u00e9nynek a keretei k\u00f6z\u00f6tt sikeresen elv\u00e9geztem a gyermekjogi k\u00e9pvisel\u0151i k\u00e9pz\u00e9st.<\/span><\/td>\n<\/tr>\n<tr>\n<td colspan=\"2\" width=\"208\"><\/td>\n<td colspan=\"3\" width=\"454\"><\/td>\n<\/tr>\n<tr>\n<td colspan=\"2\" width=\"208\"><span style=\"font-family: Arial,Helvetica,sans-serif; font-size: 12pt;\"><strong>Szervez\u00e9si k\u00e9szs\u00e9gek \u00e9s kompetenci\u00e1k<\/strong><\/span><\/td>\n<td colspan=\"3\" width=\"454\"><span style=\"font-family: Arial,Helvetica,sans-serif; font-size: 12pt;\">Vezet\u00e9si \u00e9s szervez\u00e9si ismereteimet a Berzsenyi D\u00e1niel Tan\u00e1rk\u00e9pz\u00f5 F\u0151iskol\u00e1n saj\u00e1t\u00edtottam el.<\/span><\/p>\n<p><span style=\"font-family: Arial,Helvetica,sans-serif; font-size: 12pt;\">Kos\u00e1rlabda edz\u00f5i diplom\u00e1m megszerz\u00e9se sor\u00e1n minden sport\u00e1gra kiterjed\u00f5 sportpedag\u00f3giai, sportpszichol\u00f3giai sport\u00e9lettani edz\u00e9selm\u00e9let \u00e9s m\u00f3dszertani, gimnasztikai ismeretekre is szert tettem, \u00e9s a fenti tant\u00e1rgyakb\u00f3l vizsg\u00e1ztam.<\/span><\/p>\n<p><span style=\"font-family: Arial,Helvetica,sans-serif; font-size: 12pt;\">A fels\u0151fok\u00fa sportmenedzseri diplom\u00e1m megszerz\u00e9se sor\u00e1n sportjogi, sportmenedzsmenti \u00e9s marketing szakter\u00fcleten szigorlati vizsg\u00e1kat tettem. Szakdolgozatomat a K\u00f6zgazdas\u00e1gi Egyetem Marketing Tansz\u00e9k\u00e9nek vezet\u0151j\u00e9n\u00e9l \u201eSportegyes\u00fcletek marketing tev\u00e9kenys\u00e9ge\u201d c\u00edmmel \u00edrtam.<\/span><\/p>\n<p><span style=\"font-family: Arial,Helvetica,sans-serif; font-size: 12pt;\">Sportkapcsolataim sz\u00e9les k\u00f6r\u0171ek, hiszen 1991 \u00e9s 1996 k\u00f6z\u00f6tt a f\u00e9rfi NB I \u2013 es kos\u00e1rlabda csapat eln\u00f6kek\u00e9nt, valamint eln\u00f6ks\u00e9gi tagjak\u00e9nt dolgoztam. 1997 \u2013 \u00f3ta az orsz\u00e1g egyik legnagyobb ut\u00e1np\u00f3tl\u00e1s egyes\u00fclet\u00e9t a Soproni Tigrisek Sportegyes\u00fcletet vezetem.<\/span><\/p>\n<p><span style=\"font-family: Arial,Helvetica,sans-serif; font-size: 12pt;\">A sporton kereszt\u00fcl kapcsolatban \u00e1llok az orsz\u00e1g \u00f6sszes ut\u00e1np\u00f3tl\u00e1s klubj\u00e1val, s \u00edgy nagy lehet\u0151s\u00e9gem van k\u00f6z\u00f6ns\u00e9gtal\u00e1lkoz\u00f3k, sportszakmai el\u0151ad\u00e1sok, sportprogramok szervez\u00e9s\u00e9re.\u00a0 Az egyes\u00fclet az ir\u00e1ny\u00edt\u00e1sommal drogmegel\u0151z\u00e9s \u00e9s eg\u00e9szs\u00e9ges \u00e9letm\u00f3d t\u00e9mak\u00f6rben sz\u00e1mos sikeres rendezv\u00e9nyt szervezett a fiatalok hasznos szabadid\u0151 elt\u00f6lt\u00e9s\u00e9nek el\u0151seg\u00edt\u00e9s\u00e9re, mellyel a devi\u00e1ns magatart\u00e1sform\u00e1k helyett hasznos elfoglalts\u00e1got, sport, \u00e9s kultur\u00e1lis programokat biztos\u00edtunk sz\u00e1munkra.<\/span><\/p>\n<p><span style=\"font-family: Arial,Helvetica,sans-serif; font-size: 12pt;\">Vezet\u00e9si ismereteimet a Sport- \u00e9s Szabadid\u0151centrum igazgat\u00f3jak\u00e9nt gyakorolhattam, kit\u00f6ltve az \u00f6t \u00e9ves megb\u00edzat\u00e1somat. \u00dagy gondolom, hogy szakmailag \u00e9s anyagilag is sikeres \u00e9veket tudhatott mag\u00e1\u00e9nak az int\u00e9zm\u00e9ny a vezet\u00e9sem alatt. Itt tal\u00e1lkozhattam a gyermekek \u00e9s fiatalkor\u00faak probl\u00e9m\u00e1ival, hiszen rendezv\u00e9nyeinken kereszt\u00fcl a szabadidej\u00fck elt\u00f6lt\u00e9s\u00e9nek megszervez\u00e9s\u00e9vel foglalkoztam.<\/span><\/p>\n<p><span style=\"font-family: Arial,Helvetica,sans-serif; font-size: 12pt;\">Az int\u00e9zm\u00e9ny keretein bel\u00fcl v\u00e1llalkoz\u00e1si tev\u00e9kenys\u00e9get is folytattunk, melyben rendezv\u00e9nyszervez\u00e9sek, \u00fczleth\u00e1z\u00e9p\u00edt\u00e9s, \u00fczemeltet\u00e9s, b\u00e9rbead\u00e1sok, utaz\u00e1sszervez\u00e9sek, ki\u00e1ll\u00edt\u00e1sok rendez\u00e9se volt a f\u0151 profilunk. Int\u00e9zm\u00e9ny\u00fcnk Sopron Megyei Jog\u00fa V\u00e1ros egyik legjobban prosper\u00e1l\u00f3 szervezete volt.<\/span><\/p>\n<p><span style=\"font-family: Arial,Helvetica,sans-serif; font-size: 12pt;\">A sport egy\u00e9b ter\u00fclet\u00e9n v\u00e9gzett tev\u00e9kenys\u00e9geim k\u00f6z\u00fcl kiemeln\u00e9m az 1996 \u2013 98 \u2013 ig\u00a0 v\u00e9gzett Sydney 2000 Alap\u00edtv\u00e1ny referensi munk\u00e1mat, melyben a Nyugat-Dun\u00e1nt\u00falon az\u00a0 Olimpi\u00e1ra val\u00f3 kijut\u00e1sra es\u00e9lyes tehets\u00e9ges sportol\u00f3k menedzsel\u00e9s\u00e9t v\u00e9geztem.\u00a0 Dr. Istv\u00e1nffy Csaba a Magyar Olimpiai Bizotts\u00e1g tagja vezet\u00e9s\u00e9vel, szakmai ir\u00e1ny\u00edt\u00e1s\u00e1val dolgoztam, munk\u00e1mat t\u00f6bbsz\u00f6r is elismer\u00e9sben r\u00e9szes\u00edtett\u00e9k.<\/span><\/p>\n<p><span style=\"font-family: Arial,Helvetica,sans-serif; font-size: 12pt;\">1997. janu\u00e1rj\u00e1ban Sydney \u2013 ben r\u00e9sztvettem az olimpiai szervez\u0151 munk\u00e1latok el\u0151k\u00e9sz\u00fcleteiben. Munk\u00e1m sor\u00e1n nemcsak a kos\u00e1rlabda, hanem az \u00f6sszes olimpiai sport\u00e1g vezet\u00e9s\u00e9vel j\u00f3 kapcsolatot alak\u00edtottam ki<\/span><\/p>\n<p><span style=\"font-family: Arial,Helvetica,sans-serif; font-size: 12pt;\">A \u201987-es kos\u00e1rlabda v\u00e1logatottal el\u00e9rt legszebb sikert a R\u00f3zsahegyen megrendezett Eur\u00f3pa-bajnoks\u00e1gon el\u00e9rt III. helyez\u00e9s jelentette, melynek csapatvezet\u0151je \u00e9n lehettem.<\/span><\/p>\n<p><span style=\"font-family: Arial,Helvetica,sans-serif; font-size: 12pt;\">Gyakorlattal rendelkezem a p\u00e1ly\u00e1zatok \u00edr\u00e1s\u00e1ban is. Az elm\u00falt \u00e9vekben sz\u00e1mos sikeres p\u00e1ly\u00e1zatot ny\u00fajtottam be a sport\u00e1gi miniszt\u00e9riumok \u00e1ltal ki\u00edrt tendereken.<\/span><\/p>\n<p><span style=\"font-family: Arial,Helvetica,sans-serif; font-size: 12pt;\">1995 \u2013 t\u0151l t\u00e1rsas v\u00e1llalkoz\u00e1sban is r\u00e9szt vettem. T\u00e1rsammal Sopron belv\u00e1ros\u00e1nak legnagyobb szolg\u00e1ltat\u00f3- \u00e9s \u00fczleth\u00e1z\u00e1t \u00e9p\u00edtett\u00fck meg &#8211; 62 \u00fczlettel, irod\u00e1kkal, rendel\u0151kkel \u00e9s lak\u00e1sokkal &#8211; amit jelenleg is \u00fczemeltet\u00fcnk.\u00a0 C\u00e9g\u00fcnk t\u00f6bb v\u00e1llalkoz\u00e1sban is megpr\u00f3b\u00e1lt tev\u00e9kenykedni: kiskereskedelem, \u00e9p\u00edt\u0151ipar, egy\u00e9b szolg\u00e1ltat\u00e1sok.<\/span><\/p>\n<p><span style=\"font-family: Arial,Helvetica,sans-serif; font-size: 12pt;\">Kommunik\u00e1ci\u00f3s \u00e9s m\u00e9dia-marketing ismereteimet a Koml\u00f3si Oktat\u00e1si St\u00fadi\u00f3 szerkeszt\u0151, riporter \u00e9s \u00fajs\u00e1g\u00edr\u00f3 iskol\u00e1j\u00e1n szereztem, ahol m\u00e9dia, marketing \u00e9s h\u00edrtelev\u00edzi\u00f3z\u00e1s ter\u00fcleten tanultam. K\u00e9s\u0151bb ebben az iskol\u00e1ban m\u00e9dia-marketinget oktattam k\u00e9t \u00e9ven kereszt\u00fcl.<br \/>\n<\/span><\/p>\n<p><span style=\"font-family: Arial,Helvetica,sans-serif; font-size: 12pt;\">Az ut\u00f3gondoz\u00f3 otthon vezet\u00e9s\u00e9ben szerzett tapasztalataim alapj\u00e1n nagyon fontosnak tartom a fiatal feln\u0151ttekkel szembeni seg\u00edt\u0151, k\u00f6vetkezetes magatart\u00e1st. Azt tapasztaltam, hogy probl\u00e9m\u00e1ik megold\u00e1s\u00e1ban seg\u00edtve, de a t\u00f6rv\u00e9nyben \u00e9s szerz\u0151d\u00e9sben el\u0151\u00edrt v\u00e1llal\u00e1sukat sz\u00e1mon k\u00e9rve lehet n\u00e1luk eredm\u00e9nyt el\u00e9rni. A munk\u00e1ra \u00e9s tanul\u00e1sra szoktat\u00e1s volt a legfontosabb feladat az ut\u00f3gondoz\u00e1sban, hiszen ez a hely egy \u00e1tmeneti seg\u00edts\u00e9get ny\u00fajt az \u00e9letben val\u00f3 egyed\u00fcli helyt\u00e1ll\u00e1shoz.<\/span><\/td>\n<\/tr>\n<tr>\n<td colspan=\"2\" width=\"208\"><\/td>\n<td colspan=\"3\" width=\"454\"><span style=\"font-family: Arial,Helvetica,sans-serif; font-size: 12pt;\"><strong><u>Egy\u00e9b megb\u00edzat\u00e1saim<\/u>:<br \/>\n<\/strong><\/span><span style=\"font-family: Arial,Helvetica,sans-serif; font-size: 12pt;\">&#8211; Soproni Kos\u00e1rlabda Club egyes\u00fcleti eln\u00f6k\u00a0\u00a0\u00a0\u00a0\u00a0\u00a0\u00a0\u00a0\u00a0\u00a0\u00a0\u00a0\u00a0\u00a0\u00a0\u00a0\u00a0\u00a0\u00a0\u00a0\u00a0\u00a0\u00a0\u00a0\u00a0 1991. 12. 01 \u2013 1994. 12. 31.<\/span><span style=\"font-family: Arial,Helvetica,sans-serif; font-size: 12pt;\">&#8211; Sydney 2000 Alap\u00edtv\u00e1ny ter\u00fcleti referens\u00a0\u00a0\u00a0\u00a0\u00a0\u00a0\u00a0\u00a0\u00a0\u00a0\u00a0\u00a0\u00a0\u00a0\u00a0\u00a0\u00a0\u00a0\u00a0\u00a0\u00a0\u00a0\u00a0\u00a0\u00a0\u00a0\u00a0 1994. 01. 01 \u2013 1997. 12. 31.<\/span><span style=\"font-family: Arial,Helvetica,sans-serif; font-size: 12pt;\">&#8211; Soproni \u00c1szok Kos\u00e1rlabda Club eln\u00f6ks\u00e9gi tag \u00a0\u00a0 \u00a0\u00a0\u00a0\u00a0\u00a0\u00a0\u00a0\u00a0\u00a0\u00a0\u00a0\u00a0\u00a0\u00a0\u00a0\u00a01995. 01. 01 \u2013 1997. 06. 01.<\/span><span style=\"font-family: Arial,Helvetica,sans-serif; font-size: 12pt;\">&#8211; Soproni Tigrisek Sportegyes\u00fclet egyes\u00fcleti eln\u00f6k\u00a0\u00a0\u00a0\u00a0\u00a0\u00a0\u00a0\u00a0\u00a0\u00a0\u00a0\u00a0\u00a0\u00a0 1997. 07. 01 \u2013 folyamatos<\/span><span style=\"font-family: Arial,Helvetica,sans-serif; font-size: 12pt;\">&#8211; Fi\u00fa Kadett Magyar Kos\u00e1rlabda V\u00e1logatott \u00a0\u00a0\u00a0\u00a0\u00a0\u00a0\u00a0\u00a0\u00a0 \u00a0\u00a0\u00a0\u00a0\u00a0\u00a0\u00a0\u00a0\u00a0\u00a0\u00a0\u00a0\u00a0\u00a0\u00a0\u00a02000. 01. 01 \u2013 2002. 08 . 31.<strong><u><br \/>\n<\/u><\/strong><\/span><\/td>\n<\/tr>\n<tr>\n<td colspan=\"2\" width=\"208\"><\/td>\n<td colspan=\"3\" width=\"454\"><span style=\"font-family: Arial,Helvetica,sans-serif; font-size: 12pt;\"><strong>\u00a0<\/strong><\/span><\/td>\n<\/tr>\n<tr>\n<td colspan=\"2\" width=\"208\"><span style=\"font-family: Arial,Helvetica,sans-serif; font-size: 12pt;\">Sz\u00e1m\u00edt\u00f3g\u00e9p-felhaszn\u00e1l\u00f3i k\u00e9szs\u00e9gek \u00e9s kompetenci\u00e1k<\/span><\/td>\n<td colspan=\"3\" width=\"454\"><span style=\"font-family: Arial,Helvetica,sans-serif; font-size: 12pt;\">A sz\u00e1m\u00edt\u00f3g\u00e9pes ismeretekhez sz\u00fcks\u00e9ges vizsg\u00e1mat 2001 \u2013 ben tettem le a Neumann J\u00e1nos Sz\u00e1m\u00edt\u00f3g\u00e9p-tudom\u00e1nyi T\u00e1rsas\u00e1g \u00e1ltal ki\u00e1ll\u00edtott (ECDL) Eur\u00f3pai Sz\u00e1m\u00edt\u00f3g\u00e9p-haszn\u00e1l\u00f3i Jogos\u00edtv\u00e1ny alapj\u00e1n.<\/span><\/td>\n<\/tr>\n<tr>\n<td colspan=\"2\" width=\"208\"><\/td>\n<td colspan=\"3\" width=\"454\"><\/td>\n<\/tr>\n<tr>\n<td colspan=\"2\" width=\"208\"><span style=\"font-family: Arial,Helvetica,sans-serif; font-size: 12pt;\">Egy\u00e9b k\u00e9szs\u00e9gek \u00e9s kompetenci\u00e1k<\/span><\/td>\n<td colspan=\"3\" width=\"454\"><span style=\"font-family: Arial,Helvetica,sans-serif; font-size: 12pt;\">T\u00f6bb \u00e9vtizedes sportvezet\u0151i, edz\u0151i, \u00e9s pedag\u00f3giai gyakorlatom, tapasztalataim seg\u00edt\u00e9s\u00e9vel magas szinten tudom ir\u00e1ny\u00edtani a sportegyes\u00fclet gazdas\u00e1gi \u00e9s szakmai munk\u00e1j\u00e1t.\u00a0 A kommunik\u00e1ci\u00f3s tanulm\u00e1nyaim \u00e9s tapasztalatom seg\u00edt\u00e9s\u00e9vel pedig a sport\u00e1g n\u00e9pszer\u0171s\u00edt\u00e9s\u00e9ben tudok eredm\u00e9nyes munk\u00e1t v\u00e9gezni.<\/span><\/td>\n<\/tr>\n<\/tbody>\n<\/table>\n","protected":false},"excerpt":{"rendered":"<p>Europass \u00d6n\u00e9letrajz Szem\u00e9lyi adatok Vezet\u00e9kn\u00e9v \/ Ut\u00f3n\u00e9v(ek) Nagy Tam\u00e1s C\u00edm(ek) 9423 \u00c1gfalva, Liget u. 6. Telefonsz\u00e1m(ok) Mobil: +36-30\/417-5959 E-mail(ek) nagy.tamas@freemail.hu \u00c1llampolg\u00e1rs\u00e1g magyar Sz\u00fclet\u00e9si d\u00e1tum Sopron, 1962.12.19. Neme f\u00e9rfi Szakmai tapasztalat Id\u0151tartam 2011. november &#8211; folyamatos\u00a0 Foglalkoz\u00e1s \/ beoszt\u00e1s P\u00e1rtfog\u00f3 Fel\u00fcgyel\u0151 F\u0151bb tev\u00e9kenys\u00e9gek \u00e9s feladatk\u00f6r\u00f6k A fiatalkor\u00fa b\u0171nelk\u00f6vet\u0151k p\u00e1rtfog\u00f3i fel\u00fcgyelete. A munk\u00e1ltat\u00f3 neve \u00e9s c\u00edme Gy\u0151r-Moson-Sopron [&hellip;]<\/p>\n","protected":false},"author":1,"featured_media":0,"parent":0,"menu_order":0,"comment_status":"closed","ping_status":"closed","template":"","meta":{"footnotes":""},"_links":{"self":[{"href":"https:\/\/sopronitigrisek.hu\/web\/wp-json\/wp\/v2\/pages\/141"}],"collection":[{"href":"https:\/\/sopronitigrisek.hu\/web\/wp-json\/wp\/v2\/pages"}],"about":[{"href":"https:\/\/sopronitigrisek.hu\/web\/wp-json\/wp\/v2\/types\/page"}],"author":[{"embeddable":true,"href":"https:\/\/sopronitigrisek.hu\/web\/wp-json\/wp\/v2\/users\/1"}],"replies":[{"embeddable":true,"href":"https:\/\/sopronitigrisek.hu\/web\/wp-json\/wp\/v2\/comments?post=141"}],"version-history":[{"count":3,"href":"https:\/\/sopronitigrisek.hu\/web\/wp-json\/wp\/v2\/pages\/141\/revisions"}],"predecessor-version":[{"id":1587,"href":"https:\/\/sopronitigrisek.hu\/web\/wp-json\/wp\/v2\/pages\/141\/revisions\/1587"}],"wp:attachment":[{"href":"https:\/\/sopronitigrisek.hu\/web\/wp-json\/wp\/v2\/media?parent=141"}],"curies":[{"name":"wp","href":"https:\/\/api.w.org\/{rel}","templated":true}]}}