{"id":207,"date":"2016-08-07T15:19:20","date_gmt":"2016-08-07T15:19:20","guid":{"rendered":"http:\/\/sopronitigrisek.hu\/web\/?page_id=207"},"modified":"2016-08-08T08:19:20","modified_gmt":"2016-08-08T08:19:20","slug":"akikre-buszkek-vagyunk","status":"publish","type":"page","link":"https:\/\/sopronitigrisek.hu\/web\/akikre-buszkek-vagyunk\/","title":{"rendered":"Akikre b\u00fcszk\u00e9k vagyunk"},"content":{"rendered":"<div class=\"responsive-tabs\">\n<h2 class=\"tabtitle\">Gomb\u00e1s G\u00e1bor<\/h2>\n<div class=\"tabcontent\">\n\n<p align=\"justify\"><span style=\"color: black; font-family: Arial;\"><img loading=\"lazy\" decoding=\"async\" class=\"wp-image-482 size-full alignleft\" src=\"http:\/\/sopronitigrisek.hu\/web\/wp-content\/uploads\/2016\/08\/k01.jpg\" alt=\"Basketball-Background\" width=\"400\" height=\"299\" srcset=\"https:\/\/sopronitigrisek.hu\/web\/wp-content\/uploads\/2016\/08\/k01.jpg 400w, https:\/\/sopronitigrisek.hu\/web\/wp-content\/uploads\/2016\/08\/k01-300x224.jpg 300w\" sizes=\"(max-width: 400px) 100vw, 400px\" \/>(1985. 08.14.)<br \/>\n(Kis-R\u00e1ba menti Takar\u00e9k SKC)<\/span><\/p>\n<p align=\"justify\"><span style=\"font-family: Arial;\">B\u00e1r nem a Tigrisek csapat\u00e1ban kezdett kosarazni, a legfog\u00e9konyabb \u00e9veiben csatlakozott egyes\u00fclet\u00fcnkh\u00f6z, ahol k\u00e9t \u00e9vet t\u00f6lt\u00f6tt el. Koroszt\u00e1lyos v\u00e1logatott j\u00e1t\u00e9kos lett, majd a SMAFC csapatba, valamint a Nyugat-Magyarorsz\u00e1gi Egyetemen elt\u00f6lt\u00f6tt \u00e9vek ut\u00e1n ker\u00fclt a Kis-R\u00e1ba menti Takar\u00e9k SKC egy\u00fcttes\u00e9hez, amelynek ma csapatkapit\u00e1nya. 1993-ban kezdett el kosarazni a De\u00e1k T\u00e9ri \u00c1ltal\u00e1nos Iskola csapat\u00e1ban. Hatodikos kor\u00e1ig l\u00e9tezett ez a csapat, ez alatt az id\u0151 alatt megnyert\u00e9k a Budapest Bajnoks\u00e1got (egyetlen vid\u00e9ki csapatk\u00e9nt indulva), az Orsz\u00e1gos Mini Kup\u00e1t \u00e9s k\u00e9t alkalommal a Di\u00e1kolimpi\u00e1t. Majd a csapat \u00e1talakult az SKC ut\u00e1np\u00f3tl\u00e1s\u00e1v\u00e1. A legnagyobb eredm\u00e9nyt az IFI koroszt\u00e1lyban \u00e9rte el, amikor is megnyert\u00e9k az Orsz\u00e1gos IFI Kup\u00e1t. Az Orsz\u00e1gos Junior Bajnoks\u00e1gban II.-ak lettek. Ez id\u0151 alatt k\u00f6lcs\u00f6nadott j\u00e1t\u00e9kosk\u00e9nt szerepelt a Tigrisek csapat\u00e1ban. K\u00e9s\u0151bb amikor az SKC \u00e9s a SMAFC fuzion\u00e1lt, azt az id\u0151szakot a SMAFC-ban t\u00f6lt\u00f6tte, majd a sz\u00e9tv\u00e1l\u00e1s ut\u00e1n az SKC-ban j\u00e1tszott, ahol B-csoportos bajnokok lettek. Ekkor n\u00e9h\u00e1ny meccs erej\u00e9ig j\u00e1tszott a Tigrisek junior csapat\u00e1ban. Ezt k\u00f6vet\u0151n n\u00e9gy \u00e9vig a SMAFC-n\u00e1l sportolt. <\/span><\/p>\n<p align=\"justify\"><span style=\"font-family: Arial;\">Egy harmadik hely \u00e9s egy bajnoki arany sz\u00fcletett a B csoportban. Majd az\u00f3ta ism\u00e9t az SKC j\u00e1t\u00e9kosa, ez a harmadik \u00e9ve a csapatn\u00e1l. Ez id\u0151 alatt el\u00e9rt eredm\u00e9nyei: egy harmadik hely a MK-ban, 6db MEFOB-on j\u00e1tszott, ahol t\u00f6bb m\u00e1sodik \u00e9s harmadik helyet \u00e9rtek el, valamint a h\u00e1rom koroszt\u00e1lyos v\u00e1logatottban szerepelt, k\u00f6r\u00fclbel\u00fcl 25 alkalommal.<\/span><\/p>\n\n<\/div><h2 class=\"tabtitle\">Ugaros M\u00e1t\u00e9<\/h2>\n<div class=\"tabcontent\">\n\n<p><span style=\"color: black; font-family: Arial;\"><img loading=\"lazy\" decoding=\"async\" class=\"alignleft wp-image-232 size-full\" src=\"http:\/\/sopronitigrisek.hu\/web\/wp-content\/uploads\/2016\/08\/ugaros.jpg\" alt=\"ugaros\" width=\"144\" height=\"229\" \/>(1988. 03. 01.)<br \/>\n(Kis-R\u00e1ba menti Takar\u00e9k Soproni KC)<\/span><\/p>\n<p align=\"justify\">\u00a0<span style=\"font-family: Arial;\">A Soproni Tigrisekn\u00e9l nevelkedett j\u00e1t\u00e9kos a SMAFC ut\u00e1n t\u00f6bb NB I \u201eB\u201d-s csapatban is szerepelt. Sz\u00edv\u00f3s, kitart\u00f3 munka ut\u00e1n beverekedte mag\u00e1t a Kis-R\u00e1ba Menti Takar\u00e9k SKC csapat\u00e1ba, s j\u00e1t\u00e9kos p\u00e1lyafut\u00e1s\u00e1nak eddigi legnagyobb sikere, hogy 2011-ben beker\u00fclt az Universiade-v\u00e1logatottba, \u00e9s k\u00e9pviselte Magyarorsz\u00e1got a nagyszab\u00e1s\u00fa rendezv\u00e9nyen, az egyetemist\u00e1k nemzetk\u00f6zi seregszeml\u00e9j\u00e9n, vil\u00e1gj\u00e1t\u00e9k\u00e1n. <\/span><\/p>\n\n<\/div><h2 class=\"tabtitle\">Vesztergom Zsolt<\/h2>\n<div class=\"tabcontent\">\n\n<p><span style=\"color: black; font-family: Arial;\"><img loading=\"lazy\" decoding=\"async\" class=\"alignleft wp-image-233 size-full\" src=\"http:\/\/sopronitigrisek.hu\/web\/wp-content\/uploads\/2016\/08\/vesztergom.jpg\" alt=\"vesztergom\" width=\"144\" height=\"223\" \/>(1987.04.12.)<br \/>\n(Kis-R\u00e1ba menti Takar\u00e9k SKC)<\/span><\/p>\n<p align=\"justify\"><span style=\"font-family: Arial;\">2001-2005 Soproni Tigrisek <\/span><\/p>\n<p align=\"justify\"><span style=\"font-family: Arial;\">2003-2008 Soproni KC 20<\/span><\/p>\n<p align=\"justify\"><span style=\"font-family: Arial;\">09-2011 Szolnoki Olaj <\/span><\/p>\n<p align=\"justify\"><span style=\"font-family: Arial;\">2012- Kis-R\u00e1ba-menti Takar\u00e9k SKC <\/span><\/p>\n<p align=\"justify\"><span style=\"font-family: Arial;\">2002. Kadett nyolcas d\u00f6nt\u0151, All-star csapat tagja <\/span><\/p>\n<p align=\"justify\"><span style=\"font-family: Arial;\">2003., 2005. A Soproni Tigrisek legjobb j\u00e1t\u00e9kos\u00e1nak j\u00e1r\u00f3 Balogh S\u00e1ndor Eml\u00e9kd\u00edj <\/span><\/p>\n<p align=\"justify\"><span style=\"font-family: Arial;\">2005. Ifj\u00fas\u00e1gi koroszt\u00e1ly II. helyez\u00e9s, All-star csapat tagja, Legeredm\u00e9nyesebb j\u00e1t\u00e9kosnak j\u00e1r\u00f3 d\u00edj, MVP-nek j\u00e1r\u00f3 d\u00edj. Az \u00e9vad legjobb junior kor\u00fa j\u00e1t\u00e9kos\u00e1nak j\u00e1r\u00f3 d\u00edj. A koroszt\u00e1lyos v\u00e1logatottal B-div\u00edzi\u00f3s EB III. helyez\u00e9s 2004. NB I\/B. bajnoki c\u00edm a Soproni \u00c1szok tagjak\u00e9nt <\/span><\/p>\n<p align=\"justify\"><span style=\"font-family: Arial;\">2011. Magyar bajnok \u00e9s Kupagy\u0151ztes a Szolnoki Olaj j\u00e1t\u00e9kosak\u00e9nt. <\/span><\/p>\n<p>&nbsp;<\/p>\n<\/div><\/div>\n<div class=\"responsive-tabs\">\n<h2 class=\"tabtitle\">Herczeg Istv\u00e1n<\/h2>\n<div class=\"tabcontent\">\n\n<p><img loading=\"lazy\" decoding=\"async\" class=\"size-full wp-image-250 alignleft\" src=\"http:\/\/sopronitigrisek.hu\/web\/wp-content\/uploads\/2016\/08\/herczeg.jpg\" alt=\"herczeg\" width=\"120\" height=\"224\" \/>Sz\u00fclet\u00e9si hely, id\u0151: Sopron, 1989.02.06.<br \/>\nS\u00faly: 105 KG<br \/>\nMagass\u00e1g: 200 CM<br \/>\nPoszt: 4-5<\/p>\n<p>C\u00edm: 9400 Sopron Sch\u00e1rm\u00e1r K. u. 1.<br \/>\nTelefonsz\u00e1m: +36305274697<br \/>\nE-Mail c\u00edm: herczegi.sopron@gmail.com<\/p>\n<p>Sportp\u00e1lyafut\u00e1s<\/p>\n<p>2010- SMAFC- NB1 B<\/p>\n<p>2009 \u2013 2010 Leeds Carnegie Basketball &#8211; England National League Division 1 Division 1 alapszakasz 3. BUCS Final 8\u2019s Winners \u2013 Egyetemi Bajnok<\/p>\n<p>2008 \u2013 2009 Leeds Carnegie Basketball &#8211; England National League Division 2 Division 2 alapszakasz gy\u0151ztes, Angol Nemzeti Kupa el\u0151d\u00f6nt\u0151s, r\u00e1j\u00e1tsz\u00e1s 2., magasabb oszt\u00e1lyban val\u00f3 indul\u00e1sra jogot szerzett<\/p>\n<p>2007 \u2013 2008 Leeds Carnegie Basketball &#8211; England National League Division 3 Division 3 alapszakasz gy\u0151ztes, r\u00e1j\u00e1tsz\u00e1s gy\u0151ztes, magasabb oszt\u00e1lyban val\u00f3 indul\u00e1sra jogot szerzett<\/p>\n<p>2005 \u2013 2007 SMAFC \u2013 NB1 B 3. ill. 4. helyez\u00e9s<\/p>\n<p>2006 \u2013 2007 Soproni Sportiskola U20 7. helyez\u00e9s U18 7. helyez\u00e9s<\/p>\n<p>2005-2006 Di\u00e1kolimpia Orsz\u00e1gos 2. ill. 3.<\/p>\n<p>2003\u20132007 U14, U16, U18 Magyar ut\u00e1np\u00f3tl\u00e1s v\u00e1logatott tagja, 2005 U16 EB r\u00e9szv\u00e9tel<\/p>\n<p>2002 \u2013 2006 Soproni Tigrisek SE U18 Orsz\u00e1gos 2. helyez\u00e9s U16 Orsz\u00e1gos 7. helyez\u00e9s U14 Orsz\u00e1gos 7. helyez\u00e9s<\/p>\n<p>1995 \u20132002 SAKC<\/p>\n<p>Egy\u00e9ni elismer\u00e9sek<\/p>\n<p>2007 Teljesk\u00f6r\u0171 \u00f6szt\u00f6nd\u00edj elnyer\u00e9se a Leeds Metropolitan University-n a diploma megszerz\u00e9s\u00e9ig<\/p>\n<p>2006 FISEC Katolikus Vil\u00e1gj\u00e1t\u00e9kok &#8211; Legjobb dob\u00f3 U18 Orsz\u00e1gos d\u00f6nt\u0151n a Csapat legjobbja Di\u00e1kolimpia d\u00f6nt\u0151 All-Star<\/p>\n<p>2003 \u2013 2007 Magyar ut\u00e1np\u00f3tl\u00e1s v\u00e1logatott U-14, U-16, U-18 U16 EB r\u00e9szv\u00e9tel U14, U16, U18 Legjobb Soproni Tigrisek Serd\u00fcl\u0151, Kadett, Junior j\u00e1t\u00e9kos<\/p>\n<p>2005 U-16 Orsz\u00e1gos d\u00f6nt\u0151 \u2013 Csapat legjobbja, All-Star, Legjobb h\u00e1rompontos dob\u00f3.<\/p>\n\n<\/div><h2 class=\"tabtitle\">Hal\u00e1sz Tam\u00e1s<\/h2>\n<div class=\"tabcontent\">\n\n<p><span style=\"color: black; font-family: Arial;\"><img loading=\"lazy\" decoding=\"async\" class=\"size-full wp-image-251 alignleft\" src=\"http:\/\/sopronitigrisek.hu\/web\/wp-content\/uploads\/2016\/08\/halasz.jpg\" alt=\"halasz\" width=\"144\" height=\"185\" \/><\/span><\/p>\n<p><span style=\"color: black; font-family: Arial;\">(1992.07.17) (SMAFC)<b> <\/b><\/span><\/p>\n<p align=\"justify\"><span style=\"font-family: Arial;\">1997. november\u00e9ben kezdett kos\u00e1rlabd\u00e1zni.<\/span><\/p>\n<p align=\"justify\"><span style=\"font-family: Arial;\"> &#8211; 1997-98 Gysev-Ringa el\u0151k\u00e9sz\u00edt\u0151, Galavics Edina <\/span><\/p>\n<p align=\"justify\"><span style=\"font-family: Arial;\">&#8211; 1998-99 Hunyadi el\u0151k\u00e9sz\u00edt\u0151, St\u00e1nicz Ferenc<\/span><\/p>\n<p align=\"justify\"><span style=\"font-family: Arial;\"> &#8211; 1999-2000 Soproni Tigrisek, St\u00e1nicz Ferenc<\/span><\/p>\n<p align=\"justify\"><span style=\"font-family: Arial;\"> &#8211; 2000-2001 Soproni Tigrisek gyermek, St\u00e1nicz Ferenc <\/span><\/p>\n<p align=\"justify\"><span style=\"font-family: Arial;\">&#8211; 2001-2002 Soproni Tigrisek gyermek, <\/span><\/p>\n<p align=\"justify\"><span style=\"font-family: Arial;\">St\u00e1nicz Ferenc kenguru-orsz\u00e1gos 11.hely, St\u00e1nicz Ferenc<\/span><\/p>\n<p align=\"justify\"><span style=\"font-family: Arial;\"> &#8211; 2002-2003 Soproni Tigrisek gyermek, 16.k\u00f6z\u00f6tt (k\u00f6z\u00e9pd\u00f6nt\u0151) All-Star j\u00e1t\u00e9kos<\/span><\/p>\n<p align=\"justify\"><span style=\"font-family: Arial;\"> &#8211; 2003-2004 Soproni Tigrisek serd\u00fcl\u0151\/B, Palkovits Tam\u00e1s gyerek, 12. helyez\u00e9s, Soproni Tigrisek legjobb gyerek j\u00e1t\u00e9kosa<\/span><\/p>\n<p align=\"justify\"><span style=\"font-family: Arial;\"> &#8211; 2004-2005 Soproni Tigrisek serd\u00fcl\u0151\/B, Palkovits Tam\u00e1s <\/span><\/p>\n<p align=\"justify\"><span style=\"font-family: Arial;\">&#8211; 2005-2006 Soproni Tigrisek serd\u00fcl\u0151, veretlen\u00fcl az orsz\u00e1gos 8-ba (csapat eltilt\u00e1s) P\u00e1lla Zolt\u00e1n, Balogh M\u00e1rton kadett\/B, Soproni Tigrisek legjobb serd\u00fcl\u0151 j\u00e1t\u00e9kosa<\/span><\/p>\n<p align=\"justify\"><span style=\"font-family: Arial;\"> &#8211; 2006-2007 Soproni Tigrisek kadett, P\u00e1lla Zolt\u00e1n, Balogh M\u00e1rton junior, Nyikos Tivadar<\/span><\/p>\n<p align=\"justify\"><span style=\"font-family: Arial;\"> &#8211; 2007-2008 Soproni Tigrisek kadett, Katona Andr\u00e1s 16 k\u00f6z\u00f6tt junior, Katona Andr\u00e1s<\/span><\/p>\n<p align=\"justify\"><span style=\"font-family: Arial;\"> &#8211; 2008-2009 Soproni Tigrisek junior, Katona Andr\u00e1s orsz\u00e1gos 16.hely SKC u20, Katona Andr\u00e1s NB\/2, Magyar Andr\u00e1s, Soproni Tigrisek Balogh S\u00e1ndor d\u00edj<\/span><\/p>\n<p align=\"justify\"><span style=\"font-family: Arial;\"> &#8211; 2009-2010 SKC NB1\/A, Meszl\u00e9nyi R\u00f3bert t-licence NB2, P\u00e1lla Zolt\u00e1n Hepp kupa 4.hely SKC U20, Magyar Andr\u00e1s U18, Magyar Andr\u00e1s<\/span><\/p>\n<p align=\"justify\"><span style=\"font-family: Arial;\"> &#8211; 2010-2011 SKC NB1\/A, Meszl\u00e9nyi R\u00f3bert t-licence SMAFC NYME NB1\/B, Vet\u00e9si Imre 3.hely M\u00e1sodedz\u0151 a Soproni Tigrisek serd\u00fcl\u0151 csapat\u00e1n\u00e1l<\/span><\/p>\n<p align=\"justify\"><span style=\"font-family: Arial;\"> &#8211; 2011-2012 SMAFC NYME NB1\/B, Vet\u00e9si Imre t-licence Soproni Tigrisek NB\/2, Nagy Tam\u00e1s<\/span><\/p>\n<p align=\"justify\"><span style=\"font-family: Arial;\">Edz\u0151 a Soproni Tigrisek el\u0151k\u00e9sz\u00edt\u0151, m\u00e1sodedz\u0151 a Soproni Tigrisek serd\u00fcl\u0151 csapat\u00e1n\u00e1l. <\/span><\/p>\n\n<\/div><h2 class=\"tabtitle\">Hor\u00e1nyi \u00c1kos<\/h2>\n<div class=\"tabcontent\">\n\n<p><span style=\"color: black; font-family: Arial;\">\u00a0<img loading=\"lazy\" decoding=\"async\" class=\"size-full wp-image-253 alignleft\" src=\"http:\/\/sopronitigrisek.hu\/web\/wp-content\/uploads\/2016\/08\/horanyi.png\" alt=\"horanyi\" width=\"140\" height=\"195\" \/>(1990. 04. 07.)<\/span><\/p>\n<p align=\"justify\"><span style=\"font-family: Arial;\">Szint\u00e9n \u00e9lvonalbeli j\u00e1t\u00e9kos lett az egyes\u00fclet\u00fcnkben nevelkedett, ir\u00e1ny\u00edt\u00f3k\u00e9nt \u00e9s h\u00e1tv\u00e9dk\u00e9nt egyar\u00e1nt bevethet\u0151 kosaras, aki egy sajn\u00e1latos s\u00e9r\u00fcl\u00e9s, majd tanulm\u00e1nyi okok miatt &#8211; rem\u00e9lj\u00fck csak ideiglenesen &#8211; sz\u00fcnetelteti a versenyszer\u0171 kos\u00e1rlabd\u00e1z\u00e1st. \u00c1kos feln\u0151tt szinten az NB I \u201eB\u201d-s SMAFC csapat\u00e1ban j\u00e1tszott, majd koroszt\u00e1lyos v\u00e1logatott j\u00e1t\u00e9kosk\u00e9nt leigazolta az Atomer\u0151m\u0171 SE csapata, amelynek sz\u00edneiben Magyar Kupa-gy\u0151ztesnek mondhatja mag\u00e1t. Visszat\u00e9rve Sopronba a s\u00d6rd\u00f6g\u00f6k csapat\u00e1ban j\u00e1tszott, amikor megs\u00e9r\u00fclt. <\/span><\/p>\n<\/div><\/div>\n<p>&nbsp;<\/p>\n<div class=\"responsive-tabs\">\n<h2 class=\"tabtitle\">Kinter Gy\u00f6rgy<\/h2>\n<div class=\"tabcontent\">\n\n<p align=\"justify\"><span style=\"color: black; font-family: Arial;\"><img loading=\"lazy\" decoding=\"async\" class=\"size-full wp-image-255 alignleft\" src=\"http:\/\/sopronitigrisek.hu\/web\/wp-content\/uploads\/2016\/08\/kinter.jpg\" alt=\"kinter\" width=\"144\" height=\"199\" \/><\/span><\/p>\n<p align=\"justify\"><span style=\"color: black; font-family: Arial;\">(1988. 06. 16.)<\/span><\/p>\n<p align=\"justify\"><span style=\"font-family: Arial;\"> A jelenleg Zalaegerszegen kosaraz\u00f3 k\u00f6z\u00e9pj\u00e1t\u00e9kos is a Soproni Tigrisekn\u00e9l nevelkedett. Szerepelt K\u00f6rmenden \u00e9s Domb\u00f3v\u00e1ron, m\u00e1sodik \u00e9ve j\u00e1tszik az egerszegi csapatban. Egyes\u00fclet\u00fcnknek k\u00fcl\u00f6n b\u00fcszkes\u00e9g, hogy Ugaros M\u00e1t\u00e9val egyetemben \u0151 is tagja volt a magyar Universiade-v\u00e1logatottnak, teh\u00e1t k\u00e9t, a mi ut\u00e1np\u00f3tl\u00e1s-nevel\u0151 egyes\u00fclet\u00fcnkben nevelked\u0151 j\u00e1t\u00e9kos szerepelhetett K\u00edn\u00e1ban az egyetemist\u00e1k vil\u00e1gj\u00e1t\u00e9k\u00e1n.<\/span><\/p>\n\n<\/div><h2 class=\"tabtitle\">P\u00e9ter Tam\u00e1s<\/h2>\n<div class=\"tabcontent\">\n\n<p><span style=\"color: black; font-family: Arial;\"><img loading=\"lazy\" decoding=\"async\" class=\"size-full wp-image-256 alignleft\" src=\"http:\/\/sopronitigrisek.hu\/web\/wp-content\/uploads\/2016\/08\/peter.jpg\" alt=\"peter\" width=\"144\" height=\"184\" \/><\/span><\/p>\n<p align=\"justify\"><span style=\"color: black; font-family: Arial;\">(1987. 07. 01.)<\/span><\/p>\n<p align=\"justify\"><span style=\"font-family: Arial;\"> A Soproni Tigrisek csapat\u00e1ban nevelkedett bedob\u00f3 szint\u00e9n eljutott az \u00e9lvonalig, a Soproni s\u00d6rd\u00f6g\u00f6kn\u00e9l szerepelt, egy szezont t\u00f6lt\u00f6tt a legmagasabb oszt\u00e1lyban v\u00e1rosunk \u00e9lcsapat\u00e1ban.<\/span><\/p>\n\n<\/div><h2 class=\"tabtitle\">Pint\u00e9r Mih\u00e1ly<\/h2>\n<div class=\"tabcontent\">\n\n<p><span style=\"color: black; font-family: Arial;\"><img loading=\"lazy\" decoding=\"async\" class=\"size-full wp-image-257 alignleft\" src=\"http:\/\/sopronitigrisek.hu\/web\/wp-content\/uploads\/2016\/08\/pinter.jpg\" alt=\"pinter\" width=\"145\" height=\"195\" \/><\/span><\/p>\n<p align=\"justify\"><span style=\"font-family: Arial;\">(1987)<\/span><\/p>\n<p>2006-ban orsz\u00e1gos II. helyezett IFI csapatunk centere. P\u00e1ly\u00e1ra l\u00e9pett a Soproni s\u00d6rd\u00f6g\u00f6k NB I-es csapat\u00e1ban. T\u00f6bbsz\u00f6r voltut\u00e1np\u00f3tl\u00e1s torn\u00e1k All Star csapat\u00e1nak tagja. Tanulm\u00e1nyait zalaegerszegi f\u0151iskol\u00e1n folytatta.<\/p>\n<p>&nbsp;<\/p>\n<\/div><\/div>\n<div class=\"responsive-tabs\">\n<h2 class=\"tabtitle\">Zieger Mil\u00e1n<\/h2>\n<div class=\"tabcontent\">\n\n<p align=\"justify\"><span style=\"color: black; font-family: Arial;\"><img loading=\"lazy\" decoding=\"async\" class=\"size-full wp-image-259 alignleft\" src=\"http:\/\/sopronitigrisek.hu\/web\/wp-content\/uploads\/2016\/08\/zieger.jpg\" alt=\"zieger\" width=\"155\" height=\"201\" \/><\/span><\/p>\n<p><span style=\"color: black; font-family: Arial;\">(1989.12.10.) <\/span><\/p>\n<p align=\"justify\"><span style=\"color: black; font-family: Arial;\">(SMAFC)<\/span><\/p>\n<p align=\"justify\"><span style=\"font-family: Arial;\"> 10 \u00e9vesen kezdett el kos\u00e1rlabd\u00e1zni a N\u00e9meth Lehel vezette S\u00c1KC gyerek csapat\u00e1ban. 2 \u00e9v ut\u00e1n ker\u00fclt a Soproni Tigrisekhez, ahol m\u00e1r serd\u00fcl\u0151k\u00e9nt sz\u00e9p sikereket \u00e9rtek el a csapattal (orsz\u00e1gos 7. hely, nemzetk\u00f6zi torn\u00e1k). Majd kadett kor\u00fak\u00e9nt a junior csapat egyik fontos tagj\u00e1v\u00e1 n\u0151tte ki mag\u00e1t. Abban az \u00e9vben k\u00e9t orsz\u00e1gos d\u00f6nt\u0151n is r\u00e9szt vett, a kadettekkel 7., juniorokkal 2. helyet szerezt\u00e9k meg. K\u00f6zben az iskolai csapattal 2 \u00e9vben is dobog\u00f3sok voltak az orsz\u00e1gos di\u00e1kolimpi\u00e1n. Herczeg Istv\u00e1nnal beker\u00fcltek a koroszt\u00e1lyos U16-os v\u00e1logatottba \u00e9s EB-n is szerepeltek. Majd Vet\u00e9si Imre h\u00edv\u00e1s\u00e1ra a SMAFC-hoz ker\u00fclt, ahol m\u00e1r 15 \u00e9vesen bemutatkozott az NBI\/B-s bajnoks\u00e1gban, mik\u00f6zben a Tigrisek ut\u00e1np\u00f3tl\u00e1s csapat\u00e1val nagy brav\u00fart v\u00e9grehajtva kiharcolt\u00e1k a d\u00f6nt\u0151n val\u00f3 r\u00e9szv\u00e9telt (7.hely). M\u00e1sodik SMAFC-os \u00e9v\u00e9ben keresztszalag szakad\u00e1st szenvedett, ami 1 \u00e9ves kihagy\u00e1st, m\u0171t\u00e9tet \u00e9s regener\u00e1ci\u00f3t jelentett. Visszat\u00e9r\u00e9se ut\u00e1n j\u00e1tszott m\u00e9g az U20-as \u00e9s az NBI\/B-s bajnoks\u00e1gban Sopronban, majd egy f\u00e9l \u00e9vet Budapesten a MAFC csapat\u00e1n\u00e1l. V\u00e9g\u00fcl tanulm\u00e1nyi okokb\u00f3l hagyta abba a j\u00e1t\u00e9kosi p\u00e1lyafut\u00e1s\u00e1t. <\/span><\/p>\n<p align=\"justify\"><span style=\"font-family: Arial;\">Edz\u0151k\u00e9nt a TF-en szerzett OKJ-s kos\u00e1rlabda edz\u0151i v\u00e9gzetts\u00e9get \u00e9s egyb\u0151l a BSE-hez ker\u00fclt, ahol megkapta az U11 \u00e9s U12-es csapatot, akikkel most dolgozik.<\/span><\/p>\n<p>&nbsp;<\/p>\n<\/div><\/div>\n","protected":false},"excerpt":{"rendered":"<p>(1985. 08.14.) (Kis-R\u00e1ba menti Takar\u00e9k SKC) B\u00e1r nem a Tigrisek csapat\u00e1ban kezdett kosarazni, a legfog\u00e9konyabb \u00e9veiben csatlakozott egyes\u00fclet\u00fcnkh\u00f6z, ahol k\u00e9t \u00e9vet t\u00f6lt\u00f6tt el. Koroszt\u00e1lyos v\u00e1logatott j\u00e1t\u00e9kos lett, majd a SMAFC csapatba, valamint a Nyugat-Magyarorsz\u00e1gi Egyetemen elt\u00f6lt\u00f6tt \u00e9vek ut\u00e1n ker\u00fclt a Kis-R\u00e1ba menti Takar\u00e9k SKC egy\u00fcttes\u00e9hez, amelynek ma csapatkapit\u00e1nya. 1993-ban kezdett el kosarazni a De\u00e1k T\u00e9ri [&hellip;]<\/p>\n","protected":false},"author":1,"featured_media":0,"parent":0,"menu_order":0,"comment_status":"closed","ping_status":"closed","template":"","meta":{"footnotes":""},"_links":{"self":[{"href":"https:\/\/sopronitigrisek.hu\/web\/wp-json\/wp\/v2\/pages\/207"}],"collection":[{"href":"https:\/\/sopronitigrisek.hu\/web\/wp-json\/wp\/v2\/pages"}],"about":[{"href":"https:\/\/sopronitigrisek.hu\/web\/wp-json\/wp\/v2\/types\/page"}],"author":[{"embeddable":true,"href":"https:\/\/sopronitigrisek.hu\/web\/wp-json\/wp\/v2\/users\/1"}],"replies":[{"embeddable":true,"href":"https:\/\/sopronitigrisek.hu\/web\/wp-json\/wp\/v2\/comments?post=207"}],"version-history":[{"count":42,"href":"https:\/\/sopronitigrisek.hu\/web\/wp-json\/wp\/v2\/pages\/207\/revisions"}],"predecessor-version":[{"id":485,"href":"https:\/\/sopronitigrisek.hu\/web\/wp-json\/wp\/v2\/pages\/207\/revisions\/485"}],"wp:attachment":[{"href":"https:\/\/sopronitigrisek.hu\/web\/wp-json\/wp\/v2\/media?parent=207"}],"curies":[{"name":"wp","href":"https:\/\/api.w.org\/{rel}","templated":true}]}}