{"id":2991,"date":"2020-06-23T19:05:25","date_gmt":"2020-06-23T19:05:25","guid":{"rendered":"http:\/\/sopronitigrisek.hu\/web\/?page_id=2991"},"modified":"2020-06-24T07:30:37","modified_gmt":"2020-06-24T07:30:37","slug":"fuzi-robert","status":"publish","type":"page","link":"https:\/\/sopronitigrisek.hu\/web\/fuzi-robert\/","title":{"rendered":"F\u00fczi R\u00f3bert"},"content":{"rendered":"<p><span style=\"font-family: Impact, Chicago; font-size: 18pt; color: #808080;\">F\u00fczi R\u00f3bert: Legszebb eml\u00e9kem, amikor Tigrises j\u00e1t\u00e9kosk\u00e9nt kaptam meg \u00e9letem els\u0151 v\u00e1logatott megh\u00edv\u00f3j\u00e1t.<\/span><br \/>\n<strong>A soproni bedob\u00f3 NB1-ben bizony\u00edthat.<\/strong><\/p>\n<p>A fiatal, 21 \u00e9ves tehets\u00e9g a kos\u00e1rlabd\u00e1z\u00e1s alapjait a Soproni Tigrisek SE csapat\u00e1n\u00e1l saj\u00e1t\u00edtotta el. Onnan a Soproni Sportiskol\u00e1hoz, azt\u00e1n az NB1\/B-s SMAFC csapat\u00e1hoz ker\u00fclt, majd a HOYA \u2013 Pannon Egyetem Veszpr\u00e9m csapat\u00e1t er\u0151s\u00edtette a csonka szezonban. Ahol p\u00e1ly\u00e1ra ker\u00fclt, ott tette, amit tennie kell, bizony\u00edtotta, helye van a legjobbak k\u00f6z\u00f6tt. Klubcsapatai mellett a koroszt\u00e1lyos v\u00e1logatottakban is sz\u00e1m\u00edtottak r\u00e1.<br \/>\nMost a kem\u00e9ny munka meghozta gy\u00fcm\u00f6lcs\u00e9t, egy \u00e1lom val\u00f3s\u00e1gg\u00e1 v\u00e1lik, hiszen Robi j\u00fanius k\u00f6zep\u00e9n profi szerz\u0151d\u00e9st \u00edrhatott al\u00e1, j\u00f6v\u0151 \u00e9vt\u0151l az NB1-ben szerepl\u0151 J\u00e1szber\u00e9ny j\u00e1t\u00e9kosa.<\/p>\n<p><img loading=\"lazy\" decoding=\"async\" class=\"alignleft size-large wp-image-2992\" src=\"http:\/\/sopronitigrisek.hu\/web\/wp-content\/uploads\/2020\/06\/f\u00fczi-1024x576.jpg\" alt=\"f\u00fczi\" width=\"1024\" height=\"576\" srcset=\"https:\/\/sopronitigrisek.hu\/web\/wp-content\/uploads\/2020\/06\/f\u00fczi-1024x576.jpg 1024w, https:\/\/sopronitigrisek.hu\/web\/wp-content\/uploads\/2020\/06\/f\u00fczi-300x169.jpg 300w, https:\/\/sopronitigrisek.hu\/web\/wp-content\/uploads\/2020\/06\/f\u00fczi-768x432.jpg 768w, https:\/\/sopronitigrisek.hu\/web\/wp-content\/uploads\/2020\/06\/f\u00fczi.jpg 2048w\" sizes=\"(max-width: 1024px) 100vw, 1024px\" \/>Most Robit a m\u00faltr\u00f3l \u00e9s a jelenr\u0151l k\u00e9rdezt\u00fck:<\/p>\n<p>&#8211; Mikor ismerkedt\u00e9l meg a kos\u00e1rlabd\u00e1val?<br \/>\n&#8211; 2005-ben, els\u0151 oszt\u00e1lyos koromban ismerkedtem meg a sport\u00e1ggal, amikor a sz\u00fcleim be\u00edrattak kos\u00e1rlabd\u00e1zni az iskol\u00e1s csapatba, ahol elkezdtem tanulni.<\/p>\n<p>&#8211; Hogy eml\u00e9kszel vissza a Tigrises \u00e9veidre, azaz a kezdetekre?<br \/>\n&#8211; 8 \u00e9vig j\u00e1tszottam a Tigrisekn\u00e9l, majdnem teljes ut\u00e1np\u00f3tl\u00e1s koromban. Nagyon sz\u00e9p \u00e9vek voltak, eg\u00e9sz \u00e9letemben eml\u00e9kezni fogok erre az id\u0151szakra. Legszebb eml\u00e9kem, hogy 14 \u00e9vesen, Tigrises j\u00e1t\u00e9kosk\u00e9nt kaptam meg \u00e9letem els\u0151 v\u00e1logatott megh\u00edv\u00f3j\u00e1t.<\/p>\n<p>&#8211; Ki volt a legmeghat\u00e1roz\u00f3bb szem\u00e9ly eddigi p\u00e1lyafut\u00e1sod sor\u00e1n?<br \/>\n&#8211; Erre a k\u00e9rd\u00e9sre neh\u00e9z v\u00e1laszolni. Szerencs\u00e9re rengeteg, nagyon j\u00f3 szakemberrel dolgozhattam id\u00e1ig egy\u00fctt, ak\u00e1r az eddigi klubjaimat, ak\u00e1r az ut\u00e1np\u00f3tl\u00e1s v\u00e1logatottak szakmai st\u00e1bj\u00e1t n\u00e9zve. Ha m\u00e9gis ki kell v\u00e1lasztanom egyet, Balogh M\u00e1rtont mondom. N\u00e1la kezdtem el kos\u00e1rlabd\u00e1zni \u00e9s sok-sok \u00e9vig voltam a j\u00e1t\u00e9kosa. Rengeteg dolgot tanultam t\u0151le a sport\u00e1gr\u00f3l, illetve az \u00e9letr\u0151l is. Az\u00f3ta is nagyon j\u00f3 bar\u00e1tok vagyunk \u00e9s h\u00e1l\u00e1s vagyok neki minden\u00e9rt.<\/p>\n<p>&#8211; Milyen \u00e9rz\u00e9s al\u00e1\u00edrni az els\u0151 oszt\u00e1lyba, mit v\u00e1rsz a k\u00f6vetkez\u0151 szezont\u00f3l?<br \/>\n&#8211; Szerintem minden magyar kos\u00e1rlabd\u00e1z\u00f3 \u00e1lma, hogy egyszer a legmagasabb hazai bajnoks\u00e1gban j\u00e1tszhasson. Szerencs\u00e9re nekem megadatott ez a lehet\u0151s\u00e9g, nagyon boldog vagyok. Tov\u00e1bbra is kem\u00e9nyen dolgozom, hogy min\u00e9l t\u00f6bb percet kiharcolhassak magamnak az A csoportban \u00e9s hogy a csapatommal min\u00e9l jobb eredm\u00e9nyt \u00e9rj\u00fcnk el a k\u00f6vetkez\u0151 szezonban.<\/p>\n<p>&#8211; Mit \u00fczensz a j\u00f6v\u0151 kosarasasainak, a kis Tigriseknek?<br \/>\n&#8211; Minden, amit a kos\u00e1rlabd\u00e1ba fektetnek, id\u0151, energia, illetve edz\u00e9s kifizet\u0151dik majd egy nap a j\u00f6v\u0151ben. Higgyenek magukban \u00e9s edz\u0151ikben, mindig a legjobb tud\u00e1sukat adj\u00e1k, legyenek szorgalmasok, szer\u00e9nyek \u00e9s kitart\u00f3ak. Ha ezek megvannak, b\u00e1rhova eljuthatnak a kos\u00e1rlabd\u00e1ban.<\/p>\n<p>Megk\u00e9rdezt\u00fck Robi gyermekkori edz\u0151it, hogy eml\u00e9keznek vissza az ut\u00e1np\u00f3tl\u00e1s \u00e9vekre:<\/p>\n<p>Hal\u00e1sz Tam\u00e1s:<br \/>\nRobi m\u00e1r akkor is nagyon kiemelkedett t\u00e1rsai k\u00f6z\u00fcl \u00e9s nem csak azzal, hogy magasabb, er\u0151sebb volt \u00e9s nagyot ugrott, hanem sz\u00edvesen v\u00e1llalta a kulcsember szerepet mag\u00e1ra. Sokszor nagy szerep h\u00e1rult r\u00e1 t\u00e1mad\u00e1sban, ami szerintem a Tigrises \u00e9vei alatt a legt\u00f6bb pluszt adta neki, \u00e9s ez a mai napig meghat\u00e1roz\u00f3 a karrierj\u00e9ben. Nagyon b\u00fcszke vagyok r\u00e1, hogy a mi j\u00e1t\u00e9kosunk volt, vele \u00e9s Balogh Marcival is j\u00f3 bar\u00e1ts\u00e1got \u00e1polunk a mai napig.<br \/>\nSz\u00edvb\u0151l \u00f6r\u00fcl\u00f6k, hogy Nb1-ben folytatja \u00e9s k\u00edv\u00e1nom neki, hogy teljes\u00fclj\u00f6n minden, amit eltervezett! Hajr\u00e1 Robi!<\/p>\n<p>Balogh M\u00e1rton:<br \/>\nRobi 6 \u00e9ves kor\u00e1ban j\u00f6tt le hozz\u00e1m edz\u00e9sre, hogy kosarazni szeretne. Kissr\u00e1c kora \u00f3ta nagyon szorgalmas volt, mindig sok energi\u00e1t ford\u00edtott a kos\u00e1rlabda tanul\u00e1s\u00e1ra. Tehets\u00e9ge, fizikai adotts\u00e1gai \u00e9s az el\u0151bb eml\u00edtett szorgalma eredm\u00e9nyek\u00e9ppen 13 \u00e9ves kor\u00e1t\u00f3l kezdett kiemelkedni a koroszt\u00e1lyos mez\u0151nyb\u0151l. 14 \u00e9ves kor\u00e1t\u00f3l kezdve a koroszt\u00e1lyos v\u00e1logatottakban is kiemelked\u0151en szerepelt. A k\u00f6z\u00f6s munk\u00e1val elt\u00f6lt\u00f6tt 8 \u00e9v az \u00e9n \u00e9letemben is k\u00fcl\u00f6nleges id\u0151szak volt, rendk\u00edv\u00fcl b\u00fcszke vagyok arra, hogy \u00e9lvonalbeli j\u00e1t\u00e9koss\u00e1 fejl\u0151d\u00f6tt, \u00e9s egy\u00fattal arra is, hogy az\u00f3ta is j\u00f3 bar\u00e1ts\u00e1gban vagyunk.<\/p>\n<p>&nbsp;<\/p>\n","protected":false},"excerpt":{"rendered":"<p>F\u00fczi R\u00f3bert: Legszebb eml\u00e9kem, amikor Tigrises j\u00e1t\u00e9kosk\u00e9nt kaptam meg \u00e9letem els\u0151 v\u00e1logatott megh\u00edv\u00f3j\u00e1t. A soproni bedob\u00f3 NB1-ben bizony\u00edthat. A fiatal, 21 \u00e9ves tehets\u00e9g a kos\u00e1rlabd\u00e1z\u00e1s alapjait a Soproni Tigrisek SE csapat\u00e1n\u00e1l saj\u00e1t\u00edtotta el. Onnan a Soproni Sportiskol\u00e1hoz, azt\u00e1n az NB1\/B-s SMAFC csapat\u00e1hoz ker\u00fclt, majd a HOYA \u2013 Pannon Egyetem Veszpr\u00e9m csapat\u00e1t er\u0151s\u00edtette a csonka szezonban. [&hellip;]<\/p>\n","protected":false},"author":2,"featured_media":0,"parent":0,"menu_order":0,"comment_status":"closed","ping_status":"closed","template":"","meta":{"footnotes":""},"_links":{"self":[{"href":"https:\/\/sopronitigrisek.hu\/web\/wp-json\/wp\/v2\/pages\/2991"}],"collection":[{"href":"https:\/\/sopronitigrisek.hu\/web\/wp-json\/wp\/v2\/pages"}],"about":[{"href":"https:\/\/sopronitigrisek.hu\/web\/wp-json\/wp\/v2\/types\/page"}],"author":[{"embeddable":true,"href":"https:\/\/sopronitigrisek.hu\/web\/wp-json\/wp\/v2\/users\/2"}],"replies":[{"embeddable":true,"href":"https:\/\/sopronitigrisek.hu\/web\/wp-json\/wp\/v2\/comments?post=2991"}],"version-history":[{"count":4,"href":"https:\/\/sopronitigrisek.hu\/web\/wp-json\/wp\/v2\/pages\/2991\/revisions"}],"predecessor-version":[{"id":3003,"href":"https:\/\/sopronitigrisek.hu\/web\/wp-json\/wp\/v2\/pages\/2991\/revisions\/3003"}],"wp:attachment":[{"href":"https:\/\/sopronitigrisek.hu\/web\/wp-json\/wp\/v2\/media?parent=2991"}],"curies":[{"name":"wp","href":"https:\/\/api.w.org\/{rel}","templated":true}]}}